{"id":10600,"date":"1969-06-07T12:03:22","date_gmt":"1969-06-07T11:03:22","guid":{"rendered":"https:\/\/egerhaziimre.hu\/?page_id=10600"},"modified":"2020-10-07T12:06:31","modified_gmt":"2020-10-07T10:06:31","slug":"egerhazi-imre-kiallitas-kovacs-kalman-irasa-alfold-1969","status":"publish","type":"page","link":"https:\/\/egerhaziimre.hu\/index.php\/eletrajz\/irasok-egerhazi-imrerol\/egerhazi-imre-kiallitas-kovacs-kalman-irasa-alfold-1969\/","title":{"rendered":"\u00c9gerh\u00e1zi Imre Ki\u00e1ll\u00edt\u00e1s, Kov\u00e1cs K\u00e1lm\u00e1n \u00edr\u00e1sa, Alf\u00f6ldi foly\u00f3irat,1969"},"content":{"rendered":"<div class=\"wpb-content-wrapper\">[vc_row][vc_column][vc_column_text]\n<h6>\u00c9gerh\u00e1zi Imre ki\u00e1ll\u00edt\u00e1sa<\/h6>\n<p>Aki rendszeres l\u00e1togat\u00f3ja a debreceni ki\u00e1ll\u00edt\u00e1soknak, s esetleg el szokta olvasni a recenzi\u00f3kat vagy a megh\u00edv\u00f3-sz\u00f6vegeket is, az sok mindent tud m\u00e1r \u00c9gerh\u00e1zi Imr\u00e9r\u0151l. Hallhatott, olvashatott rendhagy\u00f3 m\u0171v\u00e9szi p\u00e1ly\u00e1j\u00e1r\u00f3l, l\u00e1thatta e p\u00e1lya kor\u00e1bbi f\u00e1zisait, kibontakoz\u00e1s\u00e1t, be\u00e9r\u00e9s\u00e9t. Mert a leg\u00fajabb ki\u00e1ll\u00edt\u00e1s nemcsak egys\u00e9ges m\u0171v\u00e9szi szeml\u00e9let\u00e9vel ragad meg; bizony\u00edtja a be\u00e9rkez\u00e9st, egy \u00f6n\u00e1ll\u00f3 l\u00e1t\u00e1sm\u00f3d, egy szuver\u00e9n egy\u00e9nis\u00e9g kialakul\u00e1s\u00e1t.<\/p>\n<p>Aki bel\u00e9p a ki\u00e1ll\u00edt\u00f3 terembe, annak els\u0151 benyom\u00e1sa a k\u00e9pek sz\u00ednvil\u00e1ga. S\u00f6t\u00e9t t\u00f3nus, bizonyos komors\u00e1g fogadja; l\u00e1thatja a sz\u00edn\u00e9rt\u00e9kek \u00e1tmeneteinek val\u00f3ban finom, szinte impresszionista \u00e9rz\u00e9kenys\u00e9g\u0171 kidolgoz\u00e1s\u00e1t, s azt is, hogy a sz\u00ednvari\u00e1ci\u00f3k mindig visszaolvadnak a s\u00f6t\u00e9t t\u00f3nusba. Brav\u00faros sz\u00ednkezel\u00e9s jellemez t\u00f6bb k\u00e9pet. Az \u0150sz c\u00edm\u0171 barn\u00e1s-v\u00f6r\u00f6ses t\u00f3nusa oly finoman \u00e1rnyal\u00f3dik, hogy az \u00f6nmag\u00e1ban is s\u00f6t\u00e9t alap szinte \u00e1rny\u00e9kszer\u0171 elsz\u00ednez\u0151d\u00e9st kap, kiv\u00e1l\u00e1s \u00e9s visszaolvad\u00e1s k\u00fcl\u00f6n\u00f6s, kevert sz\u00ednritmus\u00e1t ugratv\u00e1n ki. A sz\u00edn\u00e9lm\u00e9ny azt\u00e1n r\u00e1ir\u00e1ny\u00edtja figyelm\u00fcnket a t\u00e9rkit\u00f6lt\u00e9s eg\u00e9szen saj\u00e1tos megold\u00e1saira. Nagyobb fel\u00fcletek v\u00e1lnak ki egy-egy k\u00e9pb\u0151l: falr\u00e9szek, h\u00e1zhomlokzat vagy a kors\u00f3 a Kors\u00f3s csend\u00e9leten. A fut\u00f3lagos r\u00e1pillant\u00e1s keveset vesz \u00e9szre rajtuk, mintha kevert sz\u00ednekb\u0151l \u00f6ssze\u00e1ll\u00f3, a s\u00f6t\u00e9t alapt\u00f3nussal r\u00edmel\u0151, foltszer\u0171 fel\u00fcletek lenn\u00e9nek. Elm\u00e9ly\u00fcltebb, gondosabb szeml\u00e9let azt\u00e1n \u2013 f\u0151leg j\u00f3 vil\u00e1g\u00edt\u00e1sban \u2013 megl\u00e1thatja, hogy a fel\u00fcletek rendk\u00edv\u00fcl gondos, pontr\u00f3l pontra halad\u00f3 kimunk\u00e1l\u00e1sa ez, szinte a pointilizmusb\u00f3l ismert technika, csak \u00e9ppen ellent\u00e9tes c\u00e9l \u00e9rdek\u00e9ben. Az eredeti pointilizmusban mindig volt valami sz\u00edn-orgia, a pontszer\u0171, kis foltok egym\u00e1sra halmoz\u00e1sa, k\u00fcl\u00f6n\u00f6s keverts\u00e9g-\u00e9lm\u00e9nyre val\u00f3 t\u00f6rekv\u00e9s. \u00c9gerh\u00e1zi fel\u00fcletein a szinte n\u00e9gyzetcentim\u00e9ternyi kimunk\u00e1l\u00e1s a sz\u00edn\u00e9rt\u00e9kek k\u00f6zeli \u00e1tmeneteit, k\u00f6zeli \u00e1rnyalatait halmozza, amely v\u00e9g\u00fcl, t\u00e1vlatb\u00f3l n\u00e9zve, egys\u00e9gbe olvad vissza, szinte a foltszer\u0171s\u00e9g benyom\u00e1s\u00e1hoz k\u00f6zeledik, teh\u00e1t a pointilizmussal ellent\u00e9tes eredm\u00e9ny ad\u00f3dik. Maga mondta el, hogy arra a bizonyos kors\u00f3ra eredetileg n\u00e9h\u00e1ny d\u00edsz\u00edt\u0151mint\u00e1t akart r\u00e1festeni. M\u00e1r h\u00fazta is a &#8211; tal\u00e1n folkl\u00f3rmot\u00edvumok vonalait, amikor visszat\u00e9rt a nehezebb \u00fatra: az adott fel\u00fcletek jelzett m\u00f3don val\u00f3 form\u00e1l\u00e1s\u00e1ra. Nos: aki bel\u00e9p a terembe, annak els\u0151 benyom\u00e1sa a k\u00e9peknek ez az egys\u00e9ges sz\u00ednvil\u00e1ga, az anyag bels\u0151 rokons\u00e1ga, a sz\u00ednszimbolik\u00e1nak tal\u00e1n egy adott id\u0151szakasz alkot\u00f3i hangolts\u00e1g\u00e1t is kifejez\u0151 egys\u00e9ge.<\/p>\n<p>A szeml\u00e9l\u0151d\u0151 k\u00f6vetkez\u0151 \u00e9lm\u00e9nye a k\u00e9pek epikuma. Tudom j\u00f3l; f\u0151leg az er\u0151sebben absztrah\u00e1l\u00f3 fest\u0151k tiltakozni szoktak az ellen, hogy t\u00f6rt\u00e9neteket, zs\u00e1nerk\u00e9peket esetleg l\u00e1tv\u00e1ny-\u00e9lm\u00e9nyt keress\u00fcnk m\u0171veikben. Igaz viszont az is, hogy n\u00e9ha a legmodernebb ir\u00e1nyzatokban is j\u00f3l \u00f6sszef\u00e9rt fest\u0151iess\u00e9g \u00e9s irodalmi jelleg\u0171, le\u00edr\u00f3, t\u00f6rt\u00e9n\u00e9st elmond\u00f3 vagy bels\u0151 tartalmakat kifejez\u0151 mozzanat. Az expresszionista fest\u0151k p\u00e9ld\u00e1ul sohasem restelt\u00e9k \u00edr\u00f3bar\u00e1taikat, irodalom \u00e9s fest\u00e9szet egym\u00e1shoz k\u00f6zel\u00edt\u00e9s\u00e9t, azt, hogy m\u0171veik n\u00e9ha Strindberg vagy Dosztojevszkij egy-egy passzus\u00e1hoz kapcsol\u00f3dtak. Nos, ami elmondhat\u00f3 e ki\u00e1ll\u00edt\u00e1s epikum\u00e1r\u00f3l, az j\u00f3r\u00e9szt olvashat\u00f3 a megh\u00edv\u00f3sz\u00f6vegekben is. Eml\u00edti a sz\u00f6veg a T\u00e1rlaton \u00e9s a Kar\u00e1mban c\u00edm\u0171 k\u00e9pek szoci\u00e1lis \u00e9rzelmeit, a b\u00f6sz\u00f6rm\u00e9nyi \u00e9s az erd\u00e9lyi t\u00e1j\u00e9lm\u00e9nyeket, a tematikai b\u0151v\u00fcl\u00e9st, a figur\u00e1lis \u00e1br\u00e1zol\u00e1s jelentkez\u00e9s\u00e9t. Ha figyelmen k\u00edv\u00fcl hagyjuk \u00c9gerh\u00e1zi vonz\u00f3d\u00e1s\u00e1t a grafik\u00e1hoz, a temper\u00e1hoz vagy a walkidhoz, ha csak olajk\u00e9peit n\u00e9zz\u00fck, akkor is t\u00e1gul\u00f3 vil\u00e1g\u00e1ba l\u00e1thatunk bele. De \u00e9ppen ezek az epikai mozzanatok figyelmeztetnek, hogy a dolgok, a fogalmak itt valahogy elsz\u00ednez\u0151dnek. A t\u00e1jk\u00e9p nem \u00fagy t\u00e1jk\u00e9p, ahogy megszoktuk, mondjuk az impresszionizmusban, hiszen \u00e9ppen a sz\u00edn\u00f6r\u00f6m hi\u00e1nyzik bel\u0151l\u00fck. Az alakok is valahogy m\u00e1sok; nem natur\u00e1lisak, de nem fejezi ki l\u00e9nyeg\u00fcket az absztrakci\u00f3 fogalma sem. \u00c9ppen az epikai elemek figyelmeztetnek teh\u00e1t, hogy m\u00e9lyebbre kell hatolnunk a k\u00e9pek felfog\u00e1s\u00e1ban.<\/p>\n<p>Igaz, az abszurd, abszol\u00fat m\u0171v\u00e9szeteknek is utat nyitott C\u00e9zanne \u00f6tlete, miszerint minden term\u00e9szeti forma visszavezethet\u0151 geomertiai form\u00e1kra. M\u00e9gis, hadd eml\u00edtsek k\u00e9t k\u00e9pet, amelyet sokszor n\u00e9ztem \u00e9s csod\u00e1ltam: Braque N\u0151i fej\u00e9t \u00e9s V\u00e1ros a dombon c\u00edm\u0171 k\u00e9p\u00e9t. A n\u0151i arc geometrikus osztotts\u00e1ga, a domboldal halmozott, kusza geometriai formaelemei valamilyen hallatlan er\u0151t k\u00e9pesek kifejezni: robosztuss\u00e1got, a v\u00e1rost tart\u00f3 hegy tit\u00e1ni nyugalm\u00e1t. \u00c9gerh\u00e1zi t\u00e1jk\u00e9pein s f\u0151leg utcar\u00e9szletein, h\u00e1zkompoz\u00edci\u00f3in sz\u00e9p, szinte spont\u00e1n egys\u00e9gbe olvadnak, szinte nyugalmas egyens\u00falyba jutnak a l\u00e1tv\u00e1ny term\u00e9szeti form\u00e1i \u00e9s a geometriai elemek. A Kapualj \u00edvek, h\u00e1romsz\u00f6gek s egy\u00e9b t\u00e9rform\u00e1k term\u00e9szetes konstrukci\u00f3ja. A form\u00e1k er\u0151s kont\u00farjai r\u00e1ad\u00e1sul k\u00fcl\u00f6n sz\u00ednmez\u0151ket hat\u00e1rolnak, amelyeken bel\u00fcl a val\u0151r\u00f6k \u00e1tmeneteinek a m\u00e1r eml\u00edtett gondos kimunk\u00e1l\u00e1sa, a k\u00e9p t\u00f3nusegys\u00e9ge uralkodik. Hegyi t\u00e1jain is megfigyelhet\u0151 a t\u00e9rnek ilyenfajta osztotts\u00e1ga, elsz\u00ednez\u0151d\u00e9se \u00e9s sz\u00ednharm\u00f3ni\u00e1ja, s b\u00e1r oldottabb m\u00f3don, de itt is hasonl\u00f3 benyom\u00e1sunk t\u00e1mad: l\u00e1tv\u00e1nyform\u00e1k \u00e9s geometrizmus spont\u00e1n, term\u00e9szetes egyens\u00falya.<\/p>\n<p>Ide k\u00edv\u00e1nkozna m\u00e9g valami! Megfigyelhet\u0151, hogy rendszerint k\u00e9t dimenzi\u00f3ban terjeszkednek sz\u00e9t a k\u00e9pek. Van perspekt\u00edva is, de n\u00e9ha elmarad, s szinte l\u00e1tom\u00e1sszer\u0171, szimult\u00e1n egym\u00e1sra n\u00f6veszt\u00e9sss\u00e9 torl\u00f3dnak \u00f6ssze a form\u00e1k. A Hegyek alatt c\u00edm\u0171 k\u00e9p n\u0151i alakja r\u00e1magasodik a h\u00e1zra, szinte \u00f6sszen\u0151 vele. M\u00e1skor a t\u00e1vlat-szab\u00e1ly t\u00f6rv\u00e9nyei szerint par\u00e1nyul bele a h\u00e1z a t\u00e1jba, szinte t\u00f6r\u00e9keny l\u00e9lekveszt\u0151 lesz f\u00e9lemeletes ar\u00e1nyok \u00f6l\u00e9n. Ak\u00e1rhogy is van: a szerkeszt\u00e9s, a kompon\u00e1l\u00e1s mindig uralkodik a dolgokon, val\u00f3ban oldott, j\u00f3zan konstruktivit\u00e1s munk\u00e1lja ki a k\u00e9p eg\u00e9sz\u00e9t. S ha a sz\u00ednek komorabb hangolts\u00e1got sugallnak, akkor ez a rendez\u0151 konstruktivit\u00e1s az anyagot alak\u00edt\u00f3, elrendez\u0151 ember gy\u0151zelm\u00e9v\u00e9 n\u0151, egyfajta rend\u00e9lm\u00e9nny\u00e9 \u00e1ltal\u00e1nosul benn\u00fcnk.<\/p>\n<p>\u00c9rdekes az emberi alakok technikai megold\u00e1sa is. Eml\u00edtettem m\u00e1r, hogy aligha nevezhetj\u00fck term\u00e9szetelv\u0171s\u00e9gnek, de nem megnyugtat\u00f3 az absztrakci\u00f3 fogalma sem. \u00c9gerh\u00e1zi szeret elvonatkoztatni, de csak bizonyos hat\u00e1rig. Vigy\u00e1z arra, hogy a szemek mindig \u00e9l\u0151k legyenek, hogy melegs\u00e9get sug\u00e1rozzanak az elmerev\u00edtett form\u00e1kba. Ink\u00e1bb stiliz\u00e1l\u00e1snak nevezn\u00e9m ezt az \u00e1br\u00e1zol\u00e1sm\u00f3dot, ahol a stiliz\u00e1lt vonalvezet\u00e9s valamilyen jellegzetess\u00e9g kiugrat\u00e1s\u00e1ra ir\u00e1nyul. A Kucsm\u00e1s f\u00e9rfi elhegyesed\u0151 arca egy h\u00e1romsz\u00f6g kompoz\u00edci\u00f3t kelt \u00e9letre. A kar\u00e1m n\u0151alakjaiban k\u00fcl\u00f6n\u00f6s keleti arct\u00edpust hangs\u00falyoz a kiugr\u00f3 csontozat \u00e9s az elt\u00fcntetett homlok. Saj\u00e1tos k\u00e9p a Kapu el\u0151tt: az arc, a fej vonalaiban m\u00e1r-m\u00e1r megemelt szab\u00e1lyoss\u00e1g, megsz\u00e9p\u00edt\u0151 ar\u00e1nyoss\u00e1g er\u0151s\u00f6dik fel, s legfeljebb egy-k\u00e9t s\u00f6t\u00e9tebb folt ellenpontozza. Stiliz\u00e1l\u00e1snak \u00e9s \u00e9l\u0151 form\u00e1knak itt is az az egyens\u00falya j\u00f6n teh\u00e1t l\u00e9tre, mint a t\u00e1jk\u00e9peken vagy az utcar\u00e9szleteken. Egys\u00e9ges, sz\u00e9p, rangos k\u00e9pekb\u0151l \u00e1llt \u00f6ssze ez a ki\u00e1ll\u00edt\u00e1s, meg\u00e9rdemli a k\u00f6z\u00f6ns\u00e9g \u00e9s a m\u0171kritika figyelm\u00e9t.<\/p>\n<p>Kov\u00e1cs K\u00e1lm\u00e1n<br \/>\nAlf\u00f6ld Irodalmi \u00e9s M\u0171vel\u0151d\u00e9si foly\u00f3irat, 1969. j\u00fanius[\/vc_column_text][vc_separator][vc_row_inner][vc_column_inner width=&#8221;1\/2&#8243;][vc_single_image image=&#8221;10601&#8243; img_size=&#8221;large&#8221; alignment=&#8221;center&#8221; style=&#8221;xtd-shadow&#8211;normal-light&#8221; onclick=&#8221;link_image&#8221;][\/vc_column_inner][vc_column_inner width=&#8221;1\/2&#8243;][vc_single_image image=&#8221;10602&#8243; img_size=&#8221;large&#8221; alignment=&#8221;center&#8221; style=&#8221;xtd-shadow&#8211;normal-light&#8221; onclick=&#8221;link_image&#8221;][\/vc_column_inner][\/vc_row_inner][\/vc_column][\/vc_row]\n<\/div>","protected":false},"excerpt":{"rendered":"<p>[vc_row][vc_column][vc_column_text] \u00c9gerh\u00e1zi Imre ki\u00e1ll\u00edt\u00e1sa Aki rendszeres l\u00e1togat\u00f3ja a debreceni ki\u00e1ll\u00edt\u00e1soknak, s esetleg el szokta olvasni a recenzi\u00f3kat vagy a megh\u00edv\u00f3-sz\u00f6vegeket is, az sok mindent tud m\u00e1r \u00c9gerh\u00e1zi Imr\u00e9r\u0151l. Hallhatott, olvashatott rendhagy\u00f3 m\u0171v\u00e9szi p\u00e1ly\u00e1j\u00e1r\u00f3l, l\u00e1thatta e p\u00e1lya kor\u00e1bbi f\u00e1zisait, kibontakoz\u00e1s\u00e1t, be\u00e9r\u00e9s\u00e9t. Mert a leg\u00fajabb ki\u00e1ll\u00edt\u00e1s nemcsak egys\u00e9ges m\u0171v\u00e9szi szeml\u00e9let\u00e9vel ragad meg; bizony\u00edtja a be\u00e9rkez\u00e9st, egy \u00f6n\u00e1ll\u00f3 l\u00e1t\u00e1sm\u00f3d, egy szuver\u00e9n egy\u00e9nis\u00e9g kialakul\u00e1s\u00e1t. [&hellip;]<\/p>\n","protected":false},"author":4,"featured_media":0,"parent":10535,"menu_order":0,"comment_status":"closed","ping_status":"closed","template":"","meta":{"footnotes":""},"categories":[219],"tags":[90],"class_list":["post-10600","page","type-page","status-publish","hentry","category-irasok_egerhazi_imrerol","tag-90"],"yoast_head":"<!-- This site is optimized with the Yoast SEO plugin v27.4 - https:\/\/yoast.com\/product\/yoast-seo-wordpress\/ -->\n<title>\u00c9gerh\u00e1zi Imre Ki\u00e1ll\u00edt\u00e1s, Kov\u00e1cs K\u00e1lm\u00e1n \u00edr\u00e1sa, Alf\u00f6ldi foly\u00f3irat,1969 - \u00c9gerh\u00e1zi Imre<\/title>\n<meta name=\"robots\" content=\"index, follow, max-snippet:-1, max-image-preview:large, max-video-preview:-1\" \/>\n<link rel=\"canonical\" href=\"https:\/\/egerhaziimre.hu\/index.php\/eletrajz\/irasok-egerhazi-imrerol\/egerhazi-imre-kiallitas-kovacs-kalman-irasa-alfold-1969\/?lang=en\" \/>\n<meta property=\"og:locale\" content=\"hu_HU\" \/>\n<meta property=\"og:type\" content=\"article\" \/>\n<meta property=\"og:title\" content=\"\u00c9gerh\u00e1zi Imre Ki\u00e1ll\u00edt\u00e1s, Kov\u00e1cs K\u00e1lm\u00e1n \u00edr\u00e1sa, Alf\u00f6ldi foly\u00f3irat,1969 - \u00c9gerh\u00e1zi Imre\" \/>\n<meta property=\"og:description\" content=\"[vc_row][vc_column][vc_column_text] \u00c9gerh\u00e1zi Imre ki\u00e1ll\u00edt\u00e1sa Aki rendszeres l\u00e1togat\u00f3ja a debreceni ki\u00e1ll\u00edt\u00e1soknak, s esetleg el szokta olvasni a recenzi\u00f3kat vagy a megh\u00edv\u00f3-sz\u00f6vegeket is, az sok mindent tud m\u00e1r \u00c9gerh\u00e1zi Imr\u00e9r\u0151l. Hallhatott, olvashatott rendhagy\u00f3 m\u0171v\u00e9szi p\u00e1ly\u00e1j\u00e1r\u00f3l, l\u00e1thatta e p\u00e1lya kor\u00e1bbi f\u00e1zisait, kibontakoz\u00e1s\u00e1t, be\u00e9r\u00e9s\u00e9t. Mert a leg\u00fajabb ki\u00e1ll\u00edt\u00e1s nemcsak egys\u00e9ges m\u0171v\u00e9szi szeml\u00e9let\u00e9vel ragad meg; bizony\u00edtja a be\u00e9rkez\u00e9st, egy \u00f6n\u00e1ll\u00f3 l\u00e1t\u00e1sm\u00f3d, egy szuver\u00e9n egy\u00e9nis\u00e9g kialakul\u00e1s\u00e1t. [&hellip;]\" \/>\n<meta property=\"og:url\" content=\"https:\/\/egerhaziimre.hu\/index.php\/eletrajz\/irasok-egerhazi-imrerol\/egerhazi-imre-kiallitas-kovacs-kalman-irasa-alfold-1969\/?lang=en\" \/>\n<meta property=\"og:site_name\" content=\"\u00c9gerh\u00e1zi Imre\" \/>\n<meta property=\"article:modified_time\" content=\"2020-10-07T10:06:31+00:00\" \/>\n<meta name=\"twitter:card\" content=\"summary_large_image\" \/>\n<meta name=\"twitter:label1\" content=\"Becs\u00fclt olvas\u00e1si id\u0151\" \/>\n\t<meta name=\"twitter:data1\" content=\"8 perc\" \/>\n<script type=\"application\/ld+json\" class=\"yoast-schema-graph\">{\"@context\":\"https:\\\/\\\/schema.org\",\"@graph\":[{\"@type\":\"WebPage\",\"@id\":\"https:\\\/\\\/egerhaziimre.hu\\\/index.php\\\/eletrajz\\\/irasok-egerhazi-imrerol\\\/egerhazi-imre-kiallitas-kovacs-kalman-irasa-alfold-1969\\\/?lang=en\",\"url\":\"https:\\\/\\\/egerhaziimre.hu\\\/index.php\\\/eletrajz\\\/irasok-egerhazi-imrerol\\\/egerhazi-imre-kiallitas-kovacs-kalman-irasa-alfold-1969\\\/?lang=en\",\"name\":\"\u00c9gerh\u00e1zi Imre Ki\u00e1ll\u00edt\u00e1s, Kov\u00e1cs K\u00e1lm\u00e1n \u00edr\u00e1sa, Alf\u00f6ldi foly\u00f3irat,1969 - \u00c9gerh\u00e1zi Imre\",\"isPartOf\":{\"@id\":\"https:\\\/\\\/egerhaziimre.hu\\\/#website\"},\"datePublished\":\"1969-06-07T11:03:22+00:00\",\"dateModified\":\"2020-10-07T10:06:31+00:00\",\"breadcrumb\":{\"@id\":\"https:\\\/\\\/egerhaziimre.hu\\\/index.php\\\/eletrajz\\\/irasok-egerhazi-imrerol\\\/egerhazi-imre-kiallitas-kovacs-kalman-irasa-alfold-1969\\\/?lang=en#breadcrumb\"},\"inLanguage\":\"hu\",\"potentialAction\":[{\"@type\":\"ReadAction\",\"target\":[\"https:\\\/\\\/egerhaziimre.hu\\\/index.php\\\/eletrajz\\\/irasok-egerhazi-imrerol\\\/egerhazi-imre-kiallitas-kovacs-kalman-irasa-alfold-1969\\\/?lang=en\"]}]},{\"@type\":\"BreadcrumbList\",\"@id\":\"https:\\\/\\\/egerhaziimre.hu\\\/index.php\\\/eletrajz\\\/irasok-egerhazi-imrerol\\\/egerhazi-imre-kiallitas-kovacs-kalman-irasa-alfold-1969\\\/?lang=en#breadcrumb\",\"itemListElement\":[{\"@type\":\"ListItem\",\"position\":1,\"name\":\"Home\",\"item\":\"https:\\\/\\\/egerhaziimre.hu\\\/\"},{\"@type\":\"ListItem\",\"position\":2,\"name\":\"\u00c9letrajz\",\"item\":\"https:\\\/\\\/egerhaziimre.hu\\\/index.php\\\/eletrajz\\\/\"},{\"@type\":\"ListItem\",\"position\":3,\"name\":\"Writings about Imre \u00c9gerh\u00e1zi\",\"item\":\"https:\\\/\\\/egerhaziimre.hu\\\/index.php\\\/eletrajz\\\/irasok-egerhazi-imrerol\\\/?lang=en\"},{\"@type\":\"ListItem\",\"position\":4,\"name\":\"\u00c9gerh\u00e1zi Imre Ki\u00e1ll\u00edt\u00e1s, Kov\u00e1cs K\u00e1lm\u00e1n \u00edr\u00e1sa, Alf\u00f6ldi foly\u00f3irat,1969\"}]},{\"@type\":\"WebSite\",\"@id\":\"https:\\\/\\\/egerhaziimre.hu\\\/#website\",\"url\":\"https:\\\/\\\/egerhaziimre.hu\\\/\",\"name\":\"\u00c9gerh\u00e1zi Imre\",\"description\":\"\",\"potentialAction\":[{\"@type\":\"SearchAction\",\"target\":{\"@type\":\"EntryPoint\",\"urlTemplate\":\"https:\\\/\\\/egerhaziimre.hu\\\/?s={search_term_string}\"},\"query-input\":{\"@type\":\"PropertyValueSpecification\",\"valueRequired\":true,\"valueName\":\"search_term_string\"}}],\"inLanguage\":\"hu\"}]}<\/script>\n<!-- \/ Yoast SEO plugin. -->","yoast_head_json":{"title":"\u00c9gerh\u00e1zi Imre Ki\u00e1ll\u00edt\u00e1s, Kov\u00e1cs K\u00e1lm\u00e1n \u00edr\u00e1sa, Alf\u00f6ldi foly\u00f3irat,1969 - \u00c9gerh\u00e1zi Imre","robots":{"index":"index","follow":"follow","max-snippet":"max-snippet:-1","max-image-preview":"max-image-preview:large","max-video-preview":"max-video-preview:-1"},"canonical":"https:\/\/egerhaziimre.hu\/index.php\/eletrajz\/irasok-egerhazi-imrerol\/egerhazi-imre-kiallitas-kovacs-kalman-irasa-alfold-1969\/?lang=en","og_locale":"hu_HU","og_type":"article","og_title":"\u00c9gerh\u00e1zi Imre Ki\u00e1ll\u00edt\u00e1s, Kov\u00e1cs K\u00e1lm\u00e1n \u00edr\u00e1sa, Alf\u00f6ldi foly\u00f3irat,1969 - \u00c9gerh\u00e1zi Imre","og_description":"[vc_row][vc_column][vc_column_text] \u00c9gerh\u00e1zi Imre ki\u00e1ll\u00edt\u00e1sa Aki rendszeres l\u00e1togat\u00f3ja a debreceni ki\u00e1ll\u00edt\u00e1soknak, s esetleg el szokta olvasni a recenzi\u00f3kat vagy a megh\u00edv\u00f3-sz\u00f6vegeket is, az sok mindent tud m\u00e1r \u00c9gerh\u00e1zi Imr\u00e9r\u0151l. Hallhatott, olvashatott rendhagy\u00f3 m\u0171v\u00e9szi p\u00e1ly\u00e1j\u00e1r\u00f3l, l\u00e1thatta e p\u00e1lya kor\u00e1bbi f\u00e1zisait, kibontakoz\u00e1s\u00e1t, be\u00e9r\u00e9s\u00e9t. Mert a leg\u00fajabb ki\u00e1ll\u00edt\u00e1s nemcsak egys\u00e9ges m\u0171v\u00e9szi szeml\u00e9let\u00e9vel ragad meg; bizony\u00edtja a be\u00e9rkez\u00e9st, egy \u00f6n\u00e1ll\u00f3 l\u00e1t\u00e1sm\u00f3d, egy szuver\u00e9n egy\u00e9nis\u00e9g kialakul\u00e1s\u00e1t. [&hellip;]","og_url":"https:\/\/egerhaziimre.hu\/index.php\/eletrajz\/irasok-egerhazi-imrerol\/egerhazi-imre-kiallitas-kovacs-kalman-irasa-alfold-1969\/?lang=en","og_site_name":"\u00c9gerh\u00e1zi Imre","article_modified_time":"2020-10-07T10:06:31+00:00","twitter_card":"summary_large_image","twitter_misc":{"Becs\u00fclt olvas\u00e1si id\u0151":"8 perc"},"schema":{"@context":"https:\/\/schema.org","@graph":[{"@type":"WebPage","@id":"https:\/\/egerhaziimre.hu\/index.php\/eletrajz\/irasok-egerhazi-imrerol\/egerhazi-imre-kiallitas-kovacs-kalman-irasa-alfold-1969\/?lang=en","url":"https:\/\/egerhaziimre.hu\/index.php\/eletrajz\/irasok-egerhazi-imrerol\/egerhazi-imre-kiallitas-kovacs-kalman-irasa-alfold-1969\/?lang=en","name":"\u00c9gerh\u00e1zi Imre Ki\u00e1ll\u00edt\u00e1s, Kov\u00e1cs K\u00e1lm\u00e1n \u00edr\u00e1sa, Alf\u00f6ldi foly\u00f3irat,1969 - \u00c9gerh\u00e1zi Imre","isPartOf":{"@id":"https:\/\/egerhaziimre.hu\/#website"},"datePublished":"1969-06-07T11:03:22+00:00","dateModified":"2020-10-07T10:06:31+00:00","breadcrumb":{"@id":"https:\/\/egerhaziimre.hu\/index.php\/eletrajz\/irasok-egerhazi-imrerol\/egerhazi-imre-kiallitas-kovacs-kalman-irasa-alfold-1969\/?lang=en#breadcrumb"},"inLanguage":"hu","potentialAction":[{"@type":"ReadAction","target":["https:\/\/egerhaziimre.hu\/index.php\/eletrajz\/irasok-egerhazi-imrerol\/egerhazi-imre-kiallitas-kovacs-kalman-irasa-alfold-1969\/?lang=en"]}]},{"@type":"BreadcrumbList","@id":"https:\/\/egerhaziimre.hu\/index.php\/eletrajz\/irasok-egerhazi-imrerol\/egerhazi-imre-kiallitas-kovacs-kalman-irasa-alfold-1969\/?lang=en#breadcrumb","itemListElement":[{"@type":"ListItem","position":1,"name":"Home","item":"https:\/\/egerhaziimre.hu\/"},{"@type":"ListItem","position":2,"name":"\u00c9letrajz","item":"https:\/\/egerhaziimre.hu\/index.php\/eletrajz\/"},{"@type":"ListItem","position":3,"name":"Writings about Imre \u00c9gerh\u00e1zi","item":"https:\/\/egerhaziimre.hu\/index.php\/eletrajz\/irasok-egerhazi-imrerol\/?lang=en"},{"@type":"ListItem","position":4,"name":"\u00c9gerh\u00e1zi Imre Ki\u00e1ll\u00edt\u00e1s, Kov\u00e1cs K\u00e1lm\u00e1n \u00edr\u00e1sa, Alf\u00f6ldi foly\u00f3irat,1969"}]},{"@type":"WebSite","@id":"https:\/\/egerhaziimre.hu\/#website","url":"https:\/\/egerhaziimre.hu\/","name":"\u00c9gerh\u00e1zi Imre","description":"","potentialAction":[{"@type":"SearchAction","target":{"@type":"EntryPoint","urlTemplate":"https:\/\/egerhaziimre.hu\/?s={search_term_string}"},"query-input":{"@type":"PropertyValueSpecification","valueRequired":true,"valueName":"search_term_string"}}],"inLanguage":"hu"}]}},"jetpack_sharing_enabled":true,"_links":{"self":[{"href":"https:\/\/egerhaziimre.hu\/index.php\/wp-json\/wp\/v2\/pages\/10600","targetHints":{"allow":["GET"]}}],"collection":[{"href":"https:\/\/egerhaziimre.hu\/index.php\/wp-json\/wp\/v2\/pages"}],"about":[{"href":"https:\/\/egerhaziimre.hu\/index.php\/wp-json\/wp\/v2\/types\/page"}],"author":[{"embeddable":true,"href":"https:\/\/egerhaziimre.hu\/index.php\/wp-json\/wp\/v2\/users\/4"}],"replies":[{"embeddable":true,"href":"https:\/\/egerhaziimre.hu\/index.php\/wp-json\/wp\/v2\/comments?post=10600"}],"version-history":[{"count":1,"href":"https:\/\/egerhaziimre.hu\/index.php\/wp-json\/wp\/v2\/pages\/10600\/revisions"}],"predecessor-version":[{"id":10603,"href":"https:\/\/egerhaziimre.hu\/index.php\/wp-json\/wp\/v2\/pages\/10600\/revisions\/10603"}],"up":[{"embeddable":true,"href":"https:\/\/egerhaziimre.hu\/index.php\/wp-json\/wp\/v2\/pages\/10535"}],"wp:attachment":[{"href":"https:\/\/egerhaziimre.hu\/index.php\/wp-json\/wp\/v2\/media?parent=10600"}],"wp:term":[{"taxonomy":"category","embeddable":true,"href":"https:\/\/egerhaziimre.hu\/index.php\/wp-json\/wp\/v2\/categories?post=10600"},{"taxonomy":"post_tag","embeddable":true,"href":"https:\/\/egerhaziimre.hu\/index.php\/wp-json\/wp\/v2\/tags?post=10600"}],"curies":[{"name":"wp","href":"https:\/\/api.w.org\/{rel}","templated":true}]}}