{"id":10737,"date":"1997-10-30T09:58:36","date_gmt":"1997-10-30T08:58:36","guid":{"rendered":"https:\/\/egerhaziimre.hu\/?page_id=10737"},"modified":"2023-06-09T15:45:30","modified_gmt":"2023-06-09T13:45:30","slug":"taj-kep-1997","status":"publish","type":"page","link":"https:\/\/egerhaziimre.hu\/index.php\/eletrajz\/irasok-egerhazi-imrerol\/taj-kep-1997\/","title":{"rendered":"T\u00c1J-K\u00c9P, A Hajd\u00fa-Bihari Napl\u00f3 Hajd\u00fas\u00e1gi, Hortob\u00e1gyi \u00e9s Tisza-menti mell\u00e9klete 1997. okt\u00f3ber 30."},"content":{"rendered":"<div class=\"wpb-content-wrapper\">[vc_row][vc_column][vc_column_text]\n<h6>Hajd\u00fahadh\u00e1zr\u00f3l Vervins-en \u00e1t P\u00e1rizsba<\/h6>\n<p><em>\u00c9gerh\u00e1zi Imre hatalmas pann\u00f3ja h\u00e1bor\u00far\u00f3l \u00e9s b\u00e9k\u00e9r\u0151l<\/em>[\/vc_column_text][vc_row_inner][vc_column_inner width=&#8221;1\/2&#8243;][vc_column_text]A belga hat\u00e1r k\u00f6zel\u00e9ben fekv\u0151 franciaorsz\u00e1gi kisv\u00e1rosban, Saint Michelben ny\u00e1ron a 6. kurzus\u00e1t z\u00e1rta az Eur\u00f3pai M\u0171v\u00e9szek Alkot\u00f3t\u00e1bora. Oszlopos tagj\u00e1t \u2013 egyben tiszteletbeli eln\u00f6k\u00e9t &#8211; , \u00c9gerh\u00e1zi Imre fest\u0151m\u0171v\u00e9szt az alkot\u00f3telep egyik t\u00e1mogat\u00f3 v\u00e1ros\u00e1nak, Vervins-nek az \u00f6nkorm\u00e1nyzata, illetve polg\u00e1rmestere megtisztel\u0151 feladattal b\u00edzta meg: IV. Henrik kir\u00e1lynak II. F\u00fcl\u00f6p spanyol uralkod\u00f3val k\u00f6t\u00f6tt, 1598-as b\u00e9keszerz\u0151d\u00e9se 400. \u00e9vfordul\u00f3j\u00e1ra egy 6&#215;4 m\u00e9teres pann\u00f3 elk\u00e9sz\u00edt\u00e9s\u00e9vel.<\/p>\n<p>A m\u0171v\u00e9sz a pann\u00f3 kompon\u00e1l\u00e1s\u00e1ra teljesen szabad kezet kapott. Hajd\u00fahadh\u00e1zi alkot\u00f3h\u00e1z\u00e1ban h\u00f3napok \u00f3ta form\u00e1lja a k\u00e9p terv\u00e9t, s e napokban k\u00fcldi Vervins-be a v\u00e9gs\u0151, letisztult elk\u00e9pzel\u00e9seit.<\/p>\n<p>A felk\u00e9r\u00e9s h\u00e1tter\u00e9r\u0151l is sz\u00f3lt \u00c9gerh\u00e1zi Imre: &#8211; A polg\u00e1rmester a m\u0171v\u00e9sztelep kurzusain, az \u00e9vek sor\u00e1n t\u00f6bbsz\u00f6r is l\u00e1tta a Hortob\u00e1gyi Alkot\u00f3t\u00e1bor tagjainak sz\u00ednes katal\u00f3gusait, amelyekb\u0151l a nyugati vil\u00e1g egy\u00e9bk\u00e9nt is egyfajta k\u00e9pet kaphat a K\u00e1rp\u00e1t-medenc\u00e9ben sz\u00fclet\u0151 k\u00e9pz\u0151m\u0171v\u00e9szeti alkot\u00e1sokr\u00f3l. S megtekintett\u00e9k a puszta fest\u0151tany\u00e1j\u00e1nak tagjai \u00e1ltal k\u00e9sz\u00edtett pann\u00f3kat a hajd\u00fahadh\u00e1zi Dr. F\u00f6ldi J\u00e1nos \u00c1ltal\u00e1nos \u00e9s M\u0171v\u00e9szeti Iskol\u00e1ban \u00e9s az Aranybika Sz\u00e1ll\u00f3 Haj\u00f3s Alfr\u00e9d term\u00e9ben. E t\u00f6rt\u00e9nelmi munk\u00e1k nagy szakmai elismer\u00e9st v\u00e1ltottak ki k\u00f6reikben. A polg\u00e1rmester \u00far a Hajd\u00fak II. pann\u00f3m alapj\u00e1n engem k\u00e9rt f\u00f6l, el\u0151zetesen m\u00e1r tavalyel\u0151tt, hogy ha elk\u00f6vetkezik az \u00e9vfordul\u00f3, nagy tabl\u00f3n fessem meg a vervinsi b\u00e9keszerz\u0151d\u00e9st.[\/vc_column_text][\/vc_column_inner][vc_column_inner width=&#8221;1\/2&#8243;][vc_single_image image=&#8221;10739&#8243; img_size=&#8221;large&#8221; alignment=&#8221;center&#8221; style=&#8221;xtd-shadow&#8211;normal-light&#8221; onclick=&#8221;link_image&#8221;][\/vc_column_inner][\/vc_row_inner][vc_column_text]A r\u00e9gi\u00f3 m\u0171v\u00e9szeinek ismert t\u00f6rt\u00e9nelmi \u00e9rz\u00e9kenys\u00e9g\u00e9t, nemzettudat-\u00e9breszt\u0151 elk\u00f6telezetts\u00e9g\u00e9t m\u00e1sok k\u00f6z\u00f6tt az az \u00fajabb hadh\u00e1zi cselekedet is jelzi, hogy miut\u00e1n \u2013 \u00c9gerh\u00e1zi Imr\u00e9t id\u00e9zve \u2013\u201evett\u00fck a szomor\u00fa h\u00edrt, hogy az \u00f3rasz\u00e1mot tekintve jelent\u0151s h\u00e1tr\u00e1nyba ker\u00fclt a t\u00f6rt\u00e9nelemoktat\u00e1s\u201d, az ismert hadh\u00e1zi \u00e1ltal\u00e1nos iskolai pann\u00f3k mellett a k\u00f6zgazdas\u00e1gi szakk\u00f6z\u00e9piskola \u00e9s gimn\u00e1zium sz\u00e1m\u00e1ra is k\u00e9sz\u00edtettek k\u00e9t t\u00f6rt\u00e9nelmi mur\u00e1li\u00e1t: \u00c9gerh\u00e1zi Imre Magyar legend\u00e1k \u00e9s mond\u00e1k c\u00edmmel a magyar \u0151st\u00f6rt\u00e9net szint\u00e9zis\u00e9t alkotta meg, Ga\u00e1l Andr\u00e1s cs\u00edkszeredai fest\u0151m\u0171v\u00e9sz (szint\u00e9n a Hortob\u00e1gyi Alkot\u00f3t\u00e1bor tagja) a t\u00f6rt\u00e9nelmi Magyarorsz\u00e1g t\u00e9rk\u00e9p\u00e9re festett uralkod\u00f3kkal \u00e9s \u00e1llamf\u00e9rfiakkal sz\u00e1mos h\u00edres nagy magyart tett vizu\u00e1lis \u00e9lm\u00e9nny\u00e9 a magyar di\u00e1ks\u00e1g sz\u00e1m\u00e1ra.<\/p>\n<p>\u00c9gerh\u00e1zi Imre alkot\u00f3m\u0171hely\u00e9ben ny\u00e1r \u00f3ta apr\u00f3l\u00e9kos gondoss\u00e1ggal tanulm\u00e1nyozza a 16. sz\u00e1zadi francia t\u00f6rt\u00e9nelmet: &#8211; Alaposan meg kellett ismernem a le\u00edr\u00e1sok alapj\u00e1n Henriket \u00e9s tetteit, tiszt\u00e1ban kell lennem azzal, hogyan viselkedett kir\u00e1lyk\u00e9nt \u00e9s emberk\u00e9nt mik\u00e9ppen viszonyult az alattval\u00f3khoz, milyen magatart\u00e1st tan\u00fas\u00edtott a harcban, milyen volt a ruh\u00e1zata, s ismereteket szereztem a b\u00e9kek\u00f6t\u00e9s korabeli protokoll\u00e1ris szok\u00e1sair\u00f3l, a gy\u0151ztesek \u00e9s a legy\u0151z\u00f6ttek ilyen alkalommal tan\u00fas\u00edtott viselked\u00e9s\u00e9r\u0151l. S rengeteg m\u00e1s probl\u00e9ma is felmer\u00fclt m\u00e9g a k\u00e9p tervez\u00e9se sor\u00e1n, hiszen a b\u00e9kek\u00f6t\u00e9st harci jelenetek is \u00f6vezik majd a k\u00e9pen, s rajta lesz Vervins c\u00edmere, a fegyverekt\u0151l a figur\u00e1kon \u00e1t az emberi, etikai magatart\u00e1sokig, kapcsolatokig sz\u00e1mos korjellemz\u0151t tanulm\u00e1nyoztam. Francia ford\u00edt\u00e1sai \u00e9s a sz\u00e1momra eljuttatott k\u00f6nyvek r\u00e9v\u00e9n sokat k\u00f6sz\u00f6nhetek Maghy Zsoltnak, s a franci\u00e1k is folyamatosan k\u00fcldtek dokumentumokat. Ezek seg\u00edts\u00e9g\u00e9vel is k\u00f6zelebb jutottam a korhoz, mondhatni, tiszt\u00e1n \u00e1ll az m\u00e1r el\u0151ttem.<\/p>\n<p>A terveket m\u00e1r v\u00e1rj\u00e1k Vervins-ben. Ha elfogadj\u00e1k, a m\u0171v\u00e9sz Franciaorsz\u00e1gba utazik, s elkezdi a pann\u00f3 fest\u00e9s\u00e9t.<\/p>\n<p>A b\u00e9keszerz\u0151d\u00e9s els\u0151 t\u00e1rgyal\u00e1sa Vervins-ben zajlott, s a p\u00e1rizsi Notre-Dame-ban \u00edrt\u00e1k al\u00e1 a dokumentumot &#8211; utal vissza \u00c9gerh\u00e1zi Imre a t\u00f6rt\u00e9nelmi h\u00e1t\u00e9rre. Ek\u00e9pp 1998. m\u00e1jus 2-\u00e1n az eg\u00e9sz orsz\u00e1g \u00fcnnepelni fogja a jeles \u00e9vfordul\u00f3t, Vervinst\u0151l P\u00e1rizsig. Ha ezt a nem k\u00f6nny\u0171 feladatot siker\u00fcl sz\u00e9pen megoldanom, nemcsak magamnak, hanem tal\u00e1n a kis magyar n\u00e9pnek is \u00f6r\u00f6met tudok szerezni azzal, hogy egyik fi\u00e1nak munk\u00e1ja alatt zajlik a nagy francia \u00fcnneps\u00e9gek egy r\u00e9sze.<\/p>\n<p>A.L.<br \/>\nT\u00e1j-k\u00e9p, A Hajd\u00fa-Bihari Napl\u00f3 Hajd\u00fas\u00e1gi, Hortob\u00e1gyi \u00e9s Tisza-menti mell\u00e9klete 1997\/10\/30.[\/vc_column_text][\/vc_column][\/vc_row]\n<\/div>","protected":false},"excerpt":{"rendered":"<p>[vc_row][vc_column][vc_column_text] Hajd\u00fahadh\u00e1zr\u00f3l Vervins-en \u00e1t P\u00e1rizsba \u00c9gerh\u00e1zi Imre hatalmas pann\u00f3ja h\u00e1bor\u00far\u00f3l \u00e9s b\u00e9k\u00e9r\u0151l[\/vc_column_text][vc_row_inner][vc_column_inner width=&#8221;1\/2&#8243;][vc_column_text]A belga hat\u00e1r k\u00f6zel\u00e9ben fekv\u0151 franciaorsz\u00e1gi kisv\u00e1rosban, Saint Michelben ny\u00e1ron a 6. kurzus\u00e1t z\u00e1rta az Eur\u00f3pai M\u0171v\u00e9szek Alkot\u00f3t\u00e1bora. Oszlopos tagj\u00e1t \u2013 egyben tiszteletbeli eln\u00f6k\u00e9t &#8211; , \u00c9gerh\u00e1zi Imre fest\u0151m\u0171v\u00e9szt az alkot\u00f3telep egyik t\u00e1mogat\u00f3 v\u00e1ros\u00e1nak, Vervins-nek az \u00f6nkorm\u00e1nyzata, illetve polg\u00e1rmestere megtisztel\u0151 feladattal b\u00edzta meg: IV. Henrik kir\u00e1lynak II. F\u00fcl\u00f6p [&hellip;]<\/p>\n","protected":false},"author":4,"featured_media":0,"parent":10535,"menu_order":0,"comment_status":"closed","ping_status":"closed","template":"","meta":{"footnotes":""},"categories":[219],"tags":[97],"class_list":["post-10737","page","type-page","status-publish","hentry","category-irasok_egerhazi_imrerol","tag-97"],"yoast_head":"<!-- This site is optimized with the Yoast SEO plugin v27.4 - https:\/\/yoast.com\/product\/yoast-seo-wordpress\/ -->\n<title>T\u00c1J-K\u00c9P, A Hajd\u00fa-Bihari Napl\u00f3 Hajd\u00fas\u00e1gi, Hortob\u00e1gyi \u00e9s Tisza-menti mell\u00e9klete 1997. okt\u00f3ber 30. - \u00c9gerh\u00e1zi Imre<\/title>\n<meta name=\"robots\" content=\"index, follow, max-snippet:-1, max-image-preview:large, max-video-preview:-1\" \/>\n<link rel=\"canonical\" href=\"https:\/\/egerhaziimre.hu\/index.php\/eletrajz\/irasok-egerhazi-imrerol\/taj-kep-1997\/\" \/>\n<meta property=\"og:locale\" content=\"hu_HU\" \/>\n<meta property=\"og:type\" content=\"article\" \/>\n<meta property=\"og:title\" content=\"T\u00c1J-K\u00c9P, A Hajd\u00fa-Bihari Napl\u00f3 Hajd\u00fas\u00e1gi, Hortob\u00e1gyi \u00e9s Tisza-menti mell\u00e9klete 1997. okt\u00f3ber 30. - \u00c9gerh\u00e1zi Imre\" \/>\n<meta property=\"og:description\" content=\"[vc_row][vc_column][vc_column_text] Hajd\u00fahadh\u00e1zr\u00f3l Vervins-en \u00e1t P\u00e1rizsba \u00c9gerh\u00e1zi Imre hatalmas pann\u00f3ja h\u00e1bor\u00far\u00f3l \u00e9s b\u00e9k\u00e9r\u0151l[\/vc_column_text][vc_row_inner][vc_column_inner width=&#8221;1\/2&#8243;][vc_column_text]A belga hat\u00e1r k\u00f6zel\u00e9ben fekv\u0151 franciaorsz\u00e1gi kisv\u00e1rosban, Saint Michelben ny\u00e1ron a 6. kurzus\u00e1t z\u00e1rta az Eur\u00f3pai M\u0171v\u00e9szek Alkot\u00f3t\u00e1bora. Oszlopos tagj\u00e1t \u2013 egyben tiszteletbeli eln\u00f6k\u00e9t &#8211; , \u00c9gerh\u00e1zi Imre fest\u0151m\u0171v\u00e9szt az alkot\u00f3telep egyik t\u00e1mogat\u00f3 v\u00e1ros\u00e1nak, Vervins-nek az \u00f6nkorm\u00e1nyzata, illetve polg\u00e1rmestere megtisztel\u0151 feladattal b\u00edzta meg: IV. Henrik kir\u00e1lynak II. F\u00fcl\u00f6p [&hellip;]\" \/>\n<meta property=\"og:url\" content=\"https:\/\/egerhaziimre.hu\/index.php\/eletrajz\/irasok-egerhazi-imrerol\/taj-kep-1997\/\" \/>\n<meta property=\"og:site_name\" content=\"\u00c9gerh\u00e1zi Imre\" \/>\n<meta property=\"article:modified_time\" content=\"2023-06-09T13:45:30+00:00\" \/>\n<meta name=\"twitter:card\" content=\"summary_large_image\" \/>\n<meta name=\"twitter:label1\" content=\"Becs\u00fclt olvas\u00e1si id\u0151\" \/>\n\t<meta name=\"twitter:data1\" content=\"4 perc\" \/>\n<script type=\"application\/ld+json\" class=\"yoast-schema-graph\">{\"@context\":\"https:\\\/\\\/schema.org\",\"@graph\":[{\"@type\":\"WebPage\",\"@id\":\"https:\\\/\\\/egerhaziimre.hu\\\/index.php\\\/eletrajz\\\/irasok-egerhazi-imrerol\\\/taj-kep-1997\\\/\",\"url\":\"https:\\\/\\\/egerhaziimre.hu\\\/index.php\\\/eletrajz\\\/irasok-egerhazi-imrerol\\\/taj-kep-1997\\\/\",\"name\":\"T\u00c1J-K\u00c9P, A Hajd\u00fa-Bihari Napl\u00f3 Hajd\u00fas\u00e1gi, Hortob\u00e1gyi \u00e9s Tisza-menti mell\u00e9klete 1997. okt\u00f3ber 30. - \u00c9gerh\u00e1zi Imre\",\"isPartOf\":{\"@id\":\"https:\\\/\\\/egerhaziimre.hu\\\/#website\"},\"datePublished\":\"1997-10-30T08:58:36+00:00\",\"dateModified\":\"2023-06-09T13:45:30+00:00\",\"breadcrumb\":{\"@id\":\"https:\\\/\\\/egerhaziimre.hu\\\/index.php\\\/eletrajz\\\/irasok-egerhazi-imrerol\\\/taj-kep-1997\\\/#breadcrumb\"},\"inLanguage\":\"hu\",\"potentialAction\":[{\"@type\":\"ReadAction\",\"target\":[\"https:\\\/\\\/egerhaziimre.hu\\\/index.php\\\/eletrajz\\\/irasok-egerhazi-imrerol\\\/taj-kep-1997\\\/\"]}]},{\"@type\":\"BreadcrumbList\",\"@id\":\"https:\\\/\\\/egerhaziimre.hu\\\/index.php\\\/eletrajz\\\/irasok-egerhazi-imrerol\\\/taj-kep-1997\\\/#breadcrumb\",\"itemListElement\":[{\"@type\":\"ListItem\",\"position\":1,\"name\":\"Home\",\"item\":\"https:\\\/\\\/egerhaziimre.hu\\\/\"},{\"@type\":\"ListItem\",\"position\":2,\"name\":\"\u00c9letrajz\",\"item\":\"https:\\\/\\\/egerhaziimre.hu\\\/index.php\\\/eletrajz\\\/\"},{\"@type\":\"ListItem\",\"position\":3,\"name\":\"Writings about Imre \u00c9gerh\u00e1zi\",\"item\":\"https:\\\/\\\/egerhaziimre.hu\\\/index.php\\\/eletrajz\\\/irasok-egerhazi-imrerol\\\/?lang=en\"},{\"@type\":\"ListItem\",\"position\":4,\"name\":\"T\u00c1J-K\u00c9P, A Hajd\u00fa-Bihari Napl\u00f3 Hajd\u00fas\u00e1gi, Hortob\u00e1gyi \u00e9s Tisza-menti mell\u00e9klete 1997. okt\u00f3ber 30.\"}]},{\"@type\":\"WebSite\",\"@id\":\"https:\\\/\\\/egerhaziimre.hu\\\/#website\",\"url\":\"https:\\\/\\\/egerhaziimre.hu\\\/\",\"name\":\"\u00c9gerh\u00e1zi Imre\",\"description\":\"\",\"potentialAction\":[{\"@type\":\"SearchAction\",\"target\":{\"@type\":\"EntryPoint\",\"urlTemplate\":\"https:\\\/\\\/egerhaziimre.hu\\\/?s={search_term_string}\"},\"query-input\":{\"@type\":\"PropertyValueSpecification\",\"valueRequired\":true,\"valueName\":\"search_term_string\"}}],\"inLanguage\":\"hu\"}]}<\/script>\n<!-- \/ Yoast SEO plugin. -->","yoast_head_json":{"title":"T\u00c1J-K\u00c9P, A Hajd\u00fa-Bihari Napl\u00f3 Hajd\u00fas\u00e1gi, Hortob\u00e1gyi \u00e9s Tisza-menti mell\u00e9klete 1997. okt\u00f3ber 30. - \u00c9gerh\u00e1zi Imre","robots":{"index":"index","follow":"follow","max-snippet":"max-snippet:-1","max-image-preview":"max-image-preview:large","max-video-preview":"max-video-preview:-1"},"canonical":"https:\/\/egerhaziimre.hu\/index.php\/eletrajz\/irasok-egerhazi-imrerol\/taj-kep-1997\/","og_locale":"hu_HU","og_type":"article","og_title":"T\u00c1J-K\u00c9P, A Hajd\u00fa-Bihari Napl\u00f3 Hajd\u00fas\u00e1gi, Hortob\u00e1gyi \u00e9s Tisza-menti mell\u00e9klete 1997. okt\u00f3ber 30. - \u00c9gerh\u00e1zi Imre","og_description":"[vc_row][vc_column][vc_column_text] Hajd\u00fahadh\u00e1zr\u00f3l Vervins-en \u00e1t P\u00e1rizsba \u00c9gerh\u00e1zi Imre hatalmas pann\u00f3ja h\u00e1bor\u00far\u00f3l \u00e9s b\u00e9k\u00e9r\u0151l[\/vc_column_text][vc_row_inner][vc_column_inner width=&#8221;1\/2&#8243;][vc_column_text]A belga hat\u00e1r k\u00f6zel\u00e9ben fekv\u0151 franciaorsz\u00e1gi kisv\u00e1rosban, Saint Michelben ny\u00e1ron a 6. kurzus\u00e1t z\u00e1rta az Eur\u00f3pai M\u0171v\u00e9szek Alkot\u00f3t\u00e1bora. Oszlopos tagj\u00e1t \u2013 egyben tiszteletbeli eln\u00f6k\u00e9t &#8211; , \u00c9gerh\u00e1zi Imre fest\u0151m\u0171v\u00e9szt az alkot\u00f3telep egyik t\u00e1mogat\u00f3 v\u00e1ros\u00e1nak, Vervins-nek az \u00f6nkorm\u00e1nyzata, illetve polg\u00e1rmestere megtisztel\u0151 feladattal b\u00edzta meg: IV. Henrik kir\u00e1lynak II. F\u00fcl\u00f6p [&hellip;]","og_url":"https:\/\/egerhaziimre.hu\/index.php\/eletrajz\/irasok-egerhazi-imrerol\/taj-kep-1997\/","og_site_name":"\u00c9gerh\u00e1zi Imre","article_modified_time":"2023-06-09T13:45:30+00:00","twitter_card":"summary_large_image","twitter_misc":{"Becs\u00fclt olvas\u00e1si id\u0151":"4 perc"},"schema":{"@context":"https:\/\/schema.org","@graph":[{"@type":"WebPage","@id":"https:\/\/egerhaziimre.hu\/index.php\/eletrajz\/irasok-egerhazi-imrerol\/taj-kep-1997\/","url":"https:\/\/egerhaziimre.hu\/index.php\/eletrajz\/irasok-egerhazi-imrerol\/taj-kep-1997\/","name":"T\u00c1J-K\u00c9P, A Hajd\u00fa-Bihari Napl\u00f3 Hajd\u00fas\u00e1gi, Hortob\u00e1gyi \u00e9s Tisza-menti mell\u00e9klete 1997. okt\u00f3ber 30. - \u00c9gerh\u00e1zi Imre","isPartOf":{"@id":"https:\/\/egerhaziimre.hu\/#website"},"datePublished":"1997-10-30T08:58:36+00:00","dateModified":"2023-06-09T13:45:30+00:00","breadcrumb":{"@id":"https:\/\/egerhaziimre.hu\/index.php\/eletrajz\/irasok-egerhazi-imrerol\/taj-kep-1997\/#breadcrumb"},"inLanguage":"hu","potentialAction":[{"@type":"ReadAction","target":["https:\/\/egerhaziimre.hu\/index.php\/eletrajz\/irasok-egerhazi-imrerol\/taj-kep-1997\/"]}]},{"@type":"BreadcrumbList","@id":"https:\/\/egerhaziimre.hu\/index.php\/eletrajz\/irasok-egerhazi-imrerol\/taj-kep-1997\/#breadcrumb","itemListElement":[{"@type":"ListItem","position":1,"name":"Home","item":"https:\/\/egerhaziimre.hu\/"},{"@type":"ListItem","position":2,"name":"\u00c9letrajz","item":"https:\/\/egerhaziimre.hu\/index.php\/eletrajz\/"},{"@type":"ListItem","position":3,"name":"Writings about Imre \u00c9gerh\u00e1zi","item":"https:\/\/egerhaziimre.hu\/index.php\/eletrajz\/irasok-egerhazi-imrerol\/?lang=en"},{"@type":"ListItem","position":4,"name":"T\u00c1J-K\u00c9P, A Hajd\u00fa-Bihari Napl\u00f3 Hajd\u00fas\u00e1gi, Hortob\u00e1gyi \u00e9s Tisza-menti mell\u00e9klete 1997. okt\u00f3ber 30."}]},{"@type":"WebSite","@id":"https:\/\/egerhaziimre.hu\/#website","url":"https:\/\/egerhaziimre.hu\/","name":"\u00c9gerh\u00e1zi Imre","description":"","potentialAction":[{"@type":"SearchAction","target":{"@type":"EntryPoint","urlTemplate":"https:\/\/egerhaziimre.hu\/?s={search_term_string}"},"query-input":{"@type":"PropertyValueSpecification","valueRequired":true,"valueName":"search_term_string"}}],"inLanguage":"hu"}]}},"jetpack_sharing_enabled":true,"_links":{"self":[{"href":"https:\/\/egerhaziimre.hu\/index.php\/wp-json\/wp\/v2\/pages\/10737","targetHints":{"allow":["GET"]}}],"collection":[{"href":"https:\/\/egerhaziimre.hu\/index.php\/wp-json\/wp\/v2\/pages"}],"about":[{"href":"https:\/\/egerhaziimre.hu\/index.php\/wp-json\/wp\/v2\/types\/page"}],"author":[{"embeddable":true,"href":"https:\/\/egerhaziimre.hu\/index.php\/wp-json\/wp\/v2\/users\/4"}],"replies":[{"embeddable":true,"href":"https:\/\/egerhaziimre.hu\/index.php\/wp-json\/wp\/v2\/comments?post=10737"}],"version-history":[{"count":6,"href":"https:\/\/egerhaziimre.hu\/index.php\/wp-json\/wp\/v2\/pages\/10737\/revisions"}],"predecessor-version":[{"id":13117,"href":"https:\/\/egerhaziimre.hu\/index.php\/wp-json\/wp\/v2\/pages\/10737\/revisions\/13117"}],"up":[{"embeddable":true,"href":"https:\/\/egerhaziimre.hu\/index.php\/wp-json\/wp\/v2\/pages\/10535"}],"wp:attachment":[{"href":"https:\/\/egerhaziimre.hu\/index.php\/wp-json\/wp\/v2\/media?parent=10737"}],"wp:term":[{"taxonomy":"category","embeddable":true,"href":"https:\/\/egerhaziimre.hu\/index.php\/wp-json\/wp\/v2\/categories?post=10737"},{"taxonomy":"post_tag","embeddable":true,"href":"https:\/\/egerhaziimre.hu\/index.php\/wp-json\/wp\/v2\/tags?post=10737"}],"curies":[{"name":"wp","href":"https:\/\/api.w.org\/{rel}","templated":true}]}}