{"id":10777,"date":"2006-09-30T09:48:37","date_gmt":"2006-09-30T07:48:37","guid":{"rendered":"https:\/\/egerhaziimre.hu\/?page_id=10777"},"modified":"2020-12-08T15:20:59","modified_gmt":"2020-12-08T14:20:59","slug":"riport-egerhazi-imrevel-a-tancolnak-a-kazlak-dvdn-2006","status":"publish","type":"page","link":"https:\/\/egerhaziimre.hu\/index.php\/eletrajz\/irasok-egerhazi-imrerol\/riport-egerhazi-imrevel-a-tancolnak-a-kazlak-dvdn-2006\/","title":{"rendered":"Riport \u00c9gerh\u00e1zi Imr\u00e9vel a T\u00e1ncoltak a kazlak DVD-n, 2006"},"content":{"rendered":"<div class=\"wpb-content-wrapper\">[vc_row][vc_column][vc_row_inner][vc_column_inner width=&#8221;2\/3&#8243;][vc_column_text]Szeptember 30-\u00e1n ny\u00edlott meg a keszthelyi Helikon M\u00fazeum Kast\u00e9ly M\u00fazeumban \u00c9gerh\u00e1zi Imre fest\u0151m\u0171v\u00e9sz ki\u00e1ll\u00edt\u00e1sa, aki Hajd\u00fa-Bihar megy\u00e9b\u0151l \u00e9rkezett v\u00e1rosunkba.<br \/>\nA 75 \u00e9ves \u00c9gerh\u00e1zi Imre Debrecen \u00e9s r\u00e9gi\u00f3ja egyik vezet\u0151 mestere. \u00c9lete minden sz\u00e1l\u00e1val, minden gy\u00f6ker\u00e9vel odak\u00f6ti. Mint azt Czoma L\u00e1szl\u00f3, a Kast\u00e9ly M\u00fazeum igazgat\u00f3ja megfogalmazta: \u0151 az Alf\u00f6ld fest\u00e9szet\u00e9nek koron\u00e1zatlan kir\u00e1lya.<\/p>\n<p>\u2026Legsz\u00edvesebben festem a sz\u00fcl\u0151f\u00f6ldemet, a Hajd\u00fas\u00e1got, a Hortob\u00e1gyot, \u00e1ltal\u00e1ban a nagy magyar Alf\u00f6ldet. A m\u00e1sik nagy szerelmem, amit szeretek festeni 1956 \u00f3ta rendszeresen, Erd\u00e9lynek a t\u00e1jait. F\u0151leg a gyergy\u00f3i, cs\u00edki \u00e9s a cs\u00e1ng\u00f3 magyaroknak a Pr\u00fat \u00e9s Szeret k\u00f6z\u00f6tti vil\u00e1g\u00e1t.<\/p>\n<p>Mi okozza ezt a vonz\u00f3d\u00e1st Erd\u00e9ly fel\u00e9?<br \/>\nEzt a vonz\u00f3d\u00e1st \u2013 csak k\u00e9s\u0151bb tudtam meg \u2013 az okozza, hogy az \u0151seim k\u00e9p\u00edr\u00f3k voltak Erd\u00e9lyben. M\u00e9ghozz\u00e1 az alvinczi kast\u00e9lynak a bels\u0151 d\u00edsz\u00edt\u00e9s\u00e9t, a gyulafeh\u00e9rv\u00e1ri templombels\u0151t \u00e9s \u2013 ma is \u00e1ll \u00e9s l\u00e1that\u00f3 \u2013 a gyulakutai templom kazett\u00e1s mennyezet\u00e9t Egerh\u00e1zi J\u00e1nos \u0151s\u00f6m festette. Mikor megl\u00e1ttam, majdnem rosszul lettem, hiszen ugyan\u00fagy festek, mint \u0151. Ugyan\u00fagy csin\u00e1lom a vir\u00e1gokat, azoknak a form\u00e1it \u00e9s a sz\u00ednvil\u00e1gom is megegyezik. Err\u0151l \u00e9n kor\u00e1bban semmit sem tudtam. Ez az \u00f6szt\u00f6n\u00f6s, a g\u00e9njeimben megl\u00e9v\u0151 vonzalom Erd\u00e9ly ir\u00e1nt k\u00e9sztetett engem, hogy oda j\u00e1rjak \u00e9s, hogy ott fessek. Sokf\u00e9le technik\u00e1val dolgoztam\u2026<\/p>\n<p>A ki\u00e1ll\u00edt\u00e1son \u00c9gerh\u00e1zi Imre Hajd\u00fa-Bihar Megye \u00d6nkorm\u00e1nyzat\u00e1nak adom\u00e1nyozott alkot\u00e1sai l\u00e1that\u00f3k.[\/vc_column_text][\/vc_column_inner][vc_column_inner width=&#8221;1\/3&#8243;][vc_single_image image=&#8221;10779&#8243; img_size=&#8221;large&#8221; alignment=&#8221;center&#8221; style=&#8221;xtd-shadow&#8211;normal-light&#8221; onclick=&#8221;link_image&#8221;][\/vc_column_inner][\/vc_row_inner][vc_column_text]Mikor \u00e9rezte azt el\u0151sz\u00f6r, hogy \u201eez a k\u00e9p siker\u00fclt, fest\u0151m\u0171v\u00e9sz vagyok\u201d?<br \/>\nNagyon r\u00e9gen \u00e9reztem ezt el\u0151sz\u00f6r. Kass\u00e1n, Feld Lajos b\u00e1csinak megmutattam egy akvarellemet. \u00dagy \u00e9reztem, hogy az amit \u00e9n csin\u00e1ltam, egy sikeres munka volt. De mikor Lajos b\u00e1csi megl\u00e1tta, azt mondta: \u201eInnent\u0151l sz\u00e1m\u00edthatod magad fest\u0151nek fiam!\u201d<\/p>\n<p>Az \u00d6n k\u00e9pein nyugalom, meg\u00e1llapodotts\u00e1g van. Mintha valami \u00e1lland\u00f3s\u00e1gra val\u00f3 t\u00f6rekv\u00e9st \u00e9rezn\u00e9k.<br \/>\nIgen. Meg lehet figyelni, hogy azok az emberek, akik nyugtalanok \u00e9s lelk\u00fckben zaklatottak, azoknak \u00e1ltal\u00e1ban a k\u00e9peik is olyanok. Nagyon \u00e9rdekes (m\u0171v\u00e9sztelepeken lehet ezt legjobban l\u00e1tni), hogy a m\u0171terem, ahol egy ilyen t\u00edpus\u00fa koll\u00e9ga dolgozik, ott a k\u00f6rnyezet is olyan. \u00c9n szeretem a k\u00e9pi rendet, a fegyelmet \u00e9s ha minden harm\u00f3ni\u00e1ban van. Azt szeretem nagyon, ha a k\u00e9peimen nyugalom van. Ne \u00e9rezzen a n\u00e9z\u0151 bizonyos zaklatotts\u00e1got a k\u00e9p n\u00e9z\u00e9se k\u00f6zben, hanem der\u0171s szeml\u00e9lettel legyen. Megnyugtassa, \u00e9s a k\u00e9p eszt\u00e9tikai \u00e9lm\u00e9nyt jelentsen.<\/p>\n<p>\u2026Hat \u00e9ves voltam, amikor Hajd\u00fahadh\u00e1zon a sv\u00e1jci V\u00f6r\u00f6skereszt aj\u00e1nd\u00e9k\u00e1t megkaptuk. Mindenki nagyon praktikus aj\u00e1nd\u00e9kot kapott, amit meg lehetett enni: cukor, csokol\u00e1d\u00e9\u2026\u00c9n 6 darab kis rudat kaptam. Nyalogattam, \u00edzlelgettem, de nem lehetett vele semmit kezdeni. Ma m\u00e1r tudom, hogy zs\u00edrkr\u00e9ta volt. Nem cser\u00e9lt velem senki, h\u00e1t vittem hazafel\u00e9 ezt a kis dobozocsk\u00e1t (Hajd\u00fahadh\u00e1zon nagyon sz\u00e9p, feh\u00e9r h\u00e1zak voltak) \u00e9s rajzoltam a h\u00e1zak fal\u00e1ra. Kuty\u00e1kat, teheneket rajzoltam, amiket Hajd\u00fahadh\u00e1zon lehetett l\u00e1tni. Mire haza\u00e9rtem, m\u00e1r ott voltak a panaszosok \u00e9desany\u00e1mn\u00e1l, aki azt\u00e1n j\u00f3l \u201eelrakott\u201d, k\u00fcl\u00f6n\u00f6sen a panaszosok el\u0151tt, hogy l\u00e1ss\u00e1k, hogy feny\u00edti \u0151 a gyereket. Azt\u00e1n any\u00e1m vitte el\u0151l a v\u00f6dr\u00f6t a m\u00e9sszel, \u00e9n vittem a nagy meszel\u0151t \u00e9s az istennek nem akarta befogni a fest\u00e9k azokat a sz\u00edneket. Ez volt az els\u0151 siker\u00e9lm\u00e9nyem, \u00e9s vele j\u00e1rt, hogy mindj\u00e1rt meg is szenvedtem a siker\u00e9rt.<\/p>\n<p>Volt egy olyan momentum az \u00e9let\u00e9ben, amit ugye a legt\u00f6bb ember csak egyszer \u00e9l meg.<br \/>\nH\u00e1rom esetben voltam klinikai hal\u00e1l \u00e1llapot\u00e1ban \u00e9s az orvosok, fest\u0151bar\u00e1taim hoztak vissza. Abban az \u00e1llapotban l\u00e1tom\u00e1saim voltak. Olyanok, mint mikor a filmesek felvesznek egy r\u00f6vid snittet valamib\u0151l. Kilenc ilyen snitt maradt az eml\u00e9kezetemben. De nyomasztott, hogy a vil\u00e1g, amiben \u00e9lek, ahol j\u00f6v\u00f6k-megyek \u00e9s az a vil\u00e1g, amit ott l\u00e1ttam, egym\u00e1sra \u00faszott. Az \u00e9lm\u00e9nyek k\u00f6z\u00f6tt volt nagyszer\u0171, csod\u00e1latos is. Ma is k\u00edv\u00e1nja az ember, hogy olyan \u00e9rz\u00e9st, olyan szeretetet, megbecs\u00fcl\u00e9st kapjon. Mikor azt\u00e1n kifestettem magamb\u00f3l ezeket az \u00e9lm\u00e9nyeket, egy kicsit megnyugodtam \u00e9s jobban is \u00e9reztem magam. Arra t\u00f6rekedtem, amikor festettem ezeket a k\u00e9peket, hogy pontosan \u00fagy adjam vissza, ahogy l\u00e1ttam, mert h\u00e1tha egyszer valahol, valaki ezen k\u00e9pek alapj\u00e1n meg fogja fejteni a hal\u00e1lon t\u00fali \u00e9lettel kapcsolatos dolgokat.<\/p>\n<p>Itt Debrecenben a m\u0171v\u00e9szeti \u00e9letnek az egyik szervez\u0151je. \u00dagy gondolom, hogy minden v\u00e1rosban van egy ilyen szervez\u0151, de \u00d6nt mi motiv\u00e1lja?<br \/>\nAzt hiszem, hogy erre sz\u00fcletni kell. Ha nem tudok a k\u00f6z\u00f6ss\u00e9g\u00e9rt dolgozni, ha nem tudok j\u00f3t tenni valaki\u00e9rt, valami\u00e9rt, az nem csak a k\u00e9pz\u0151m\u0171v\u00e9szet ter\u00e9n jelentkezik n\u00e1lam. Sok m\u00e1s t\u00e9ren is. De a k\u00e9pz\u0151m\u0171v\u00e9szet ter\u00e9n intenz\u00edvebben, hiszen ez az \u00e9n vil\u00e1gom, ezt szeretem nagyon. Nagyon sikeres, eredm\u00e9nyes szervez\u00e9seim voltak a Hajd\u00fas\u00e1gi Nemzetk\u00f6zi M\u0171v\u00e9sztelep eset\u00e9ben, ahol alap\u00edt\u00f3tag vagyok. K\u00e9s\u0151bb pedig a Hortob\u00e1gyi Nemzetk\u00f6zi Alkot\u00f3t\u00e1bort szerveztem meg, amelyik ma m\u00e1r vil\u00e1gh\u00edr\u0171. A vil\u00e1g minden t\u00e1j\u00e1r\u00f3l j\u00e1rnak ide. Hogyha nem tudom ezt csin\u00e1lni, akkor nem vagyok egyens\u00falyban, rosszul vagyok. Hi\u00e1ba festek, ha ez a m\u00e1sik oldal nincs meg, akkor nem vagyok eg\u00e9sz ember.[\/vc_column_text][\/vc_column][\/vc_row]\n<\/div>","protected":false},"excerpt":{"rendered":"<p>[vc_row][vc_column][vc_row_inner][vc_column_inner width=&#8221;2\/3&#8243;][vc_column_text]Szeptember 30-\u00e1n ny\u00edlott meg a keszthelyi Helikon M\u00fazeum Kast\u00e9ly M\u00fazeumban \u00c9gerh\u00e1zi Imre fest\u0151m\u0171v\u00e9sz ki\u00e1ll\u00edt\u00e1sa, aki Hajd\u00fa-Bihar megy\u00e9b\u0151l \u00e9rkezett v\u00e1rosunkba. A 75 \u00e9ves \u00c9gerh\u00e1zi Imre Debrecen \u00e9s r\u00e9gi\u00f3ja egyik vezet\u0151 mestere. \u00c9lete minden sz\u00e1l\u00e1val, minden gy\u00f6ker\u00e9vel odak\u00f6ti. Mint azt Czoma L\u00e1szl\u00f3, a Kast\u00e9ly M\u00fazeum igazgat\u00f3ja megfogalmazta: \u0151 az Alf\u00f6ld fest\u00e9szet\u00e9nek koron\u00e1zatlan kir\u00e1lya. \u2026Legsz\u00edvesebben festem a sz\u00fcl\u0151f\u00f6ldemet, a Hajd\u00fas\u00e1got, a Hortob\u00e1gyot, [&hellip;]<\/p>\n","protected":false},"author":4,"featured_media":0,"parent":10535,"menu_order":0,"comment_status":"closed","ping_status":"closed","template":"","meta":{"footnotes":""},"categories":[219],"tags":[83],"class_list":["post-10777","page","type-page","status-publish","hentry","category-irasok_egerhazi_imrerol","tag-83"],"yoast_head":"<!-- This site is optimized with the Yoast SEO plugin v27.4 - https:\/\/yoast.com\/product\/yoast-seo-wordpress\/ -->\n<title>Riport \u00c9gerh\u00e1zi Imr\u00e9vel a T\u00e1ncoltak a kazlak DVD-n, 2006 - \u00c9gerh\u00e1zi Imre<\/title>\n<meta name=\"robots\" content=\"index, follow, max-snippet:-1, max-image-preview:large, max-video-preview:-1\" \/>\n<link rel=\"canonical\" href=\"https:\/\/egerhaziimre.hu\/index.php\/eletrajz\/irasok-egerhazi-imrerol\/riport-egerhazi-imrevel-a-tancolnak-a-kazlak-dvdn-2006\/?lang=en\" \/>\n<meta property=\"og:locale\" content=\"hu_HU\" \/>\n<meta property=\"og:type\" content=\"article\" \/>\n<meta property=\"og:title\" content=\"Riport \u00c9gerh\u00e1zi Imr\u00e9vel a T\u00e1ncoltak a kazlak DVD-n, 2006 - \u00c9gerh\u00e1zi Imre\" \/>\n<meta property=\"og:description\" content=\"[vc_row][vc_column][vc_row_inner][vc_column_inner width=&#8221;2\/3&#8243;][vc_column_text]Szeptember 30-\u00e1n ny\u00edlott meg a keszthelyi Helikon M\u00fazeum Kast\u00e9ly M\u00fazeumban \u00c9gerh\u00e1zi Imre fest\u0151m\u0171v\u00e9sz ki\u00e1ll\u00edt\u00e1sa, aki Hajd\u00fa-Bihar megy\u00e9b\u0151l \u00e9rkezett v\u00e1rosunkba. A 75 \u00e9ves \u00c9gerh\u00e1zi Imre Debrecen \u00e9s r\u00e9gi\u00f3ja egyik vezet\u0151 mestere. \u00c9lete minden sz\u00e1l\u00e1val, minden gy\u00f6ker\u00e9vel odak\u00f6ti. Mint azt Czoma L\u00e1szl\u00f3, a Kast\u00e9ly M\u00fazeum igazgat\u00f3ja megfogalmazta: \u0151 az Alf\u00f6ld fest\u00e9szet\u00e9nek koron\u00e1zatlan kir\u00e1lya. \u2026Legsz\u00edvesebben festem a sz\u00fcl\u0151f\u00f6ldemet, a Hajd\u00fas\u00e1got, a Hortob\u00e1gyot, [&hellip;]\" \/>\n<meta property=\"og:url\" content=\"https:\/\/egerhaziimre.hu\/index.php\/eletrajz\/irasok-egerhazi-imrerol\/riport-egerhazi-imrevel-a-tancolnak-a-kazlak-dvdn-2006\/?lang=en\" \/>\n<meta property=\"og:site_name\" content=\"\u00c9gerh\u00e1zi Imre\" \/>\n<meta property=\"article:modified_time\" content=\"2020-12-08T14:20:59+00:00\" \/>\n<meta name=\"twitter:card\" content=\"summary_large_image\" \/>\n<meta name=\"twitter:label1\" content=\"Becs\u00fclt olvas\u00e1si id\u0151\" \/>\n\t<meta name=\"twitter:data1\" content=\"10 perc\" \/>\n<script type=\"application\/ld+json\" class=\"yoast-schema-graph\">{\"@context\":\"https:\\\/\\\/schema.org\",\"@graph\":[{\"@type\":\"WebPage\",\"@id\":\"https:\\\/\\\/egerhaziimre.hu\\\/index.php\\\/eletrajz\\\/irasok-egerhazi-imrerol\\\/riport-egerhazi-imrevel-a-tancolnak-a-kazlak-dvdn-2006\\\/?lang=en\",\"url\":\"https:\\\/\\\/egerhaziimre.hu\\\/index.php\\\/eletrajz\\\/irasok-egerhazi-imrerol\\\/riport-egerhazi-imrevel-a-tancolnak-a-kazlak-dvdn-2006\\\/?lang=en\",\"name\":\"Riport \u00c9gerh\u00e1zi Imr\u00e9vel a T\u00e1ncoltak a kazlak DVD-n, 2006 - \u00c9gerh\u00e1zi Imre\",\"isPartOf\":{\"@id\":\"https:\\\/\\\/egerhaziimre.hu\\\/#website\"},\"datePublished\":\"2006-09-30T07:48:37+00:00\",\"dateModified\":\"2020-12-08T14:20:59+00:00\",\"breadcrumb\":{\"@id\":\"https:\\\/\\\/egerhaziimre.hu\\\/index.php\\\/eletrajz\\\/irasok-egerhazi-imrerol\\\/riport-egerhazi-imrevel-a-tancolnak-a-kazlak-dvdn-2006\\\/?lang=en#breadcrumb\"},\"inLanguage\":\"hu\",\"potentialAction\":[{\"@type\":\"ReadAction\",\"target\":[\"https:\\\/\\\/egerhaziimre.hu\\\/index.php\\\/eletrajz\\\/irasok-egerhazi-imrerol\\\/riport-egerhazi-imrevel-a-tancolnak-a-kazlak-dvdn-2006\\\/?lang=en\"]}]},{\"@type\":\"BreadcrumbList\",\"@id\":\"https:\\\/\\\/egerhaziimre.hu\\\/index.php\\\/eletrajz\\\/irasok-egerhazi-imrerol\\\/riport-egerhazi-imrevel-a-tancolnak-a-kazlak-dvdn-2006\\\/?lang=en#breadcrumb\",\"itemListElement\":[{\"@type\":\"ListItem\",\"position\":1,\"name\":\"Home\",\"item\":\"https:\\\/\\\/egerhaziimre.hu\\\/\"},{\"@type\":\"ListItem\",\"position\":2,\"name\":\"\u00c9letrajz\",\"item\":\"https:\\\/\\\/egerhaziimre.hu\\\/index.php\\\/eletrajz\\\/\"},{\"@type\":\"ListItem\",\"position\":3,\"name\":\"Writings about Imre \u00c9gerh\u00e1zi\",\"item\":\"https:\\\/\\\/egerhaziimre.hu\\\/index.php\\\/eletrajz\\\/irasok-egerhazi-imrerol\\\/?lang=en\"},{\"@type\":\"ListItem\",\"position\":4,\"name\":\"INTERVIEW WITH IMRE \u00c9GERH\u00c1ZI, PUBLISHED ON THE SHEAFS WERE DANCING DVD, 2006\"}]},{\"@type\":\"WebSite\",\"@id\":\"https:\\\/\\\/egerhaziimre.hu\\\/#website\",\"url\":\"https:\\\/\\\/egerhaziimre.hu\\\/\",\"name\":\"\u00c9gerh\u00e1zi Imre\",\"description\":\"\",\"potentialAction\":[{\"@type\":\"SearchAction\",\"target\":{\"@type\":\"EntryPoint\",\"urlTemplate\":\"https:\\\/\\\/egerhaziimre.hu\\\/?s={search_term_string}\"},\"query-input\":{\"@type\":\"PropertyValueSpecification\",\"valueRequired\":true,\"valueName\":\"search_term_string\"}}],\"inLanguage\":\"hu\"}]}<\/script>\n<!-- \/ Yoast SEO plugin. -->","yoast_head_json":{"title":"Riport \u00c9gerh\u00e1zi Imr\u00e9vel a T\u00e1ncoltak a kazlak DVD-n, 2006 - \u00c9gerh\u00e1zi Imre","robots":{"index":"index","follow":"follow","max-snippet":"max-snippet:-1","max-image-preview":"max-image-preview:large","max-video-preview":"max-video-preview:-1"},"canonical":"https:\/\/egerhaziimre.hu\/index.php\/eletrajz\/irasok-egerhazi-imrerol\/riport-egerhazi-imrevel-a-tancolnak-a-kazlak-dvdn-2006\/?lang=en","og_locale":"hu_HU","og_type":"article","og_title":"Riport \u00c9gerh\u00e1zi Imr\u00e9vel a T\u00e1ncoltak a kazlak DVD-n, 2006 - \u00c9gerh\u00e1zi Imre","og_description":"[vc_row][vc_column][vc_row_inner][vc_column_inner width=&#8221;2\/3&#8243;][vc_column_text]Szeptember 30-\u00e1n ny\u00edlott meg a keszthelyi Helikon M\u00fazeum Kast\u00e9ly M\u00fazeumban \u00c9gerh\u00e1zi Imre fest\u0151m\u0171v\u00e9sz ki\u00e1ll\u00edt\u00e1sa, aki Hajd\u00fa-Bihar megy\u00e9b\u0151l \u00e9rkezett v\u00e1rosunkba. A 75 \u00e9ves \u00c9gerh\u00e1zi Imre Debrecen \u00e9s r\u00e9gi\u00f3ja egyik vezet\u0151 mestere. \u00c9lete minden sz\u00e1l\u00e1val, minden gy\u00f6ker\u00e9vel odak\u00f6ti. Mint azt Czoma L\u00e1szl\u00f3, a Kast\u00e9ly M\u00fazeum igazgat\u00f3ja megfogalmazta: \u0151 az Alf\u00f6ld fest\u00e9szet\u00e9nek koron\u00e1zatlan kir\u00e1lya. \u2026Legsz\u00edvesebben festem a sz\u00fcl\u0151f\u00f6ldemet, a Hajd\u00fas\u00e1got, a Hortob\u00e1gyot, [&hellip;]","og_url":"https:\/\/egerhaziimre.hu\/index.php\/eletrajz\/irasok-egerhazi-imrerol\/riport-egerhazi-imrevel-a-tancolnak-a-kazlak-dvdn-2006\/?lang=en","og_site_name":"\u00c9gerh\u00e1zi Imre","article_modified_time":"2020-12-08T14:20:59+00:00","twitter_card":"summary_large_image","twitter_misc":{"Becs\u00fclt olvas\u00e1si id\u0151":"10 perc"},"schema":{"@context":"https:\/\/schema.org","@graph":[{"@type":"WebPage","@id":"https:\/\/egerhaziimre.hu\/index.php\/eletrajz\/irasok-egerhazi-imrerol\/riport-egerhazi-imrevel-a-tancolnak-a-kazlak-dvdn-2006\/?lang=en","url":"https:\/\/egerhaziimre.hu\/index.php\/eletrajz\/irasok-egerhazi-imrerol\/riport-egerhazi-imrevel-a-tancolnak-a-kazlak-dvdn-2006\/?lang=en","name":"Riport \u00c9gerh\u00e1zi Imr\u00e9vel a T\u00e1ncoltak a kazlak DVD-n, 2006 - \u00c9gerh\u00e1zi Imre","isPartOf":{"@id":"https:\/\/egerhaziimre.hu\/#website"},"datePublished":"2006-09-30T07:48:37+00:00","dateModified":"2020-12-08T14:20:59+00:00","breadcrumb":{"@id":"https:\/\/egerhaziimre.hu\/index.php\/eletrajz\/irasok-egerhazi-imrerol\/riport-egerhazi-imrevel-a-tancolnak-a-kazlak-dvdn-2006\/?lang=en#breadcrumb"},"inLanguage":"hu","potentialAction":[{"@type":"ReadAction","target":["https:\/\/egerhaziimre.hu\/index.php\/eletrajz\/irasok-egerhazi-imrerol\/riport-egerhazi-imrevel-a-tancolnak-a-kazlak-dvdn-2006\/?lang=en"]}]},{"@type":"BreadcrumbList","@id":"https:\/\/egerhaziimre.hu\/index.php\/eletrajz\/irasok-egerhazi-imrerol\/riport-egerhazi-imrevel-a-tancolnak-a-kazlak-dvdn-2006\/?lang=en#breadcrumb","itemListElement":[{"@type":"ListItem","position":1,"name":"Home","item":"https:\/\/egerhaziimre.hu\/"},{"@type":"ListItem","position":2,"name":"\u00c9letrajz","item":"https:\/\/egerhaziimre.hu\/index.php\/eletrajz\/"},{"@type":"ListItem","position":3,"name":"Writings about Imre \u00c9gerh\u00e1zi","item":"https:\/\/egerhaziimre.hu\/index.php\/eletrajz\/irasok-egerhazi-imrerol\/?lang=en"},{"@type":"ListItem","position":4,"name":"INTERVIEW WITH IMRE \u00c9GERH\u00c1ZI, PUBLISHED ON THE SHEAFS WERE DANCING DVD, 2006"}]},{"@type":"WebSite","@id":"https:\/\/egerhaziimre.hu\/#website","url":"https:\/\/egerhaziimre.hu\/","name":"\u00c9gerh\u00e1zi Imre","description":"","potentialAction":[{"@type":"SearchAction","target":{"@type":"EntryPoint","urlTemplate":"https:\/\/egerhaziimre.hu\/?s={search_term_string}"},"query-input":{"@type":"PropertyValueSpecification","valueRequired":true,"valueName":"search_term_string"}}],"inLanguage":"hu"}]}},"jetpack_sharing_enabled":true,"_links":{"self":[{"href":"https:\/\/egerhaziimre.hu\/index.php\/wp-json\/wp\/v2\/pages\/10777","targetHints":{"allow":["GET"]}}],"collection":[{"href":"https:\/\/egerhaziimre.hu\/index.php\/wp-json\/wp\/v2\/pages"}],"about":[{"href":"https:\/\/egerhaziimre.hu\/index.php\/wp-json\/wp\/v2\/types\/page"}],"author":[{"embeddable":true,"href":"https:\/\/egerhaziimre.hu\/index.php\/wp-json\/wp\/v2\/users\/4"}],"replies":[{"embeddable":true,"href":"https:\/\/egerhaziimre.hu\/index.php\/wp-json\/wp\/v2\/comments?post=10777"}],"version-history":[{"count":9,"href":"https:\/\/egerhaziimre.hu\/index.php\/wp-json\/wp\/v2\/pages\/10777\/revisions"}],"predecessor-version":[{"id":11273,"href":"https:\/\/egerhaziimre.hu\/index.php\/wp-json\/wp\/v2\/pages\/10777\/revisions\/11273"}],"up":[{"embeddable":true,"href":"https:\/\/egerhaziimre.hu\/index.php\/wp-json\/wp\/v2\/pages\/10535"}],"wp:attachment":[{"href":"https:\/\/egerhaziimre.hu\/index.php\/wp-json\/wp\/v2\/media?parent=10777"}],"wp:term":[{"taxonomy":"category","embeddable":true,"href":"https:\/\/egerhaziimre.hu\/index.php\/wp-json\/wp\/v2\/categories?post=10777"},{"taxonomy":"post_tag","embeddable":true,"href":"https:\/\/egerhaziimre.hu\/index.php\/wp-json\/wp\/v2\/tags?post=10777"}],"curies":[{"name":"wp","href":"https:\/\/api.w.org\/{rel}","templated":true}]}}