{"id":11189,"date":"1987-11-22T10:55:38","date_gmt":"1987-11-22T09:55:38","guid":{"rendered":"https:\/\/egerhaziimre.hu\/?page_id=11189"},"modified":"2023-06-09T15:21:33","modified_gmt":"2023-06-09T13:21:33","slug":"magyar-napok-thionvilleben-1987","status":"publish","type":"page","link":"https:\/\/egerhaziimre.hu\/index.php\/eletrajz\/irasok-egerhazi-imrerol\/magyar-napok-thionvilleben-1987\/","title":{"rendered":"Magyar napok Thionville-ben, 1987"},"content":{"rendered":"<div class=\"wpb-content-wrapper\">[vc_row el_class=&#8221;margin_bottom_0 padding_bottom_0&#8243;][vc_column][vc_row_inner][vc_column_inner width=&#8221;3\/4&#8243;][vc_column_text]\n<h6>Magyar napok Thionville-ben<\/h6>\n<p>A kelet-franciaorsz\u00e1gi Thionville v\u00e1ros\u00e1ban ker\u00fclt sor a tavaszi magyar napok rendezv\u00e9nysorozatra. Az Association France-Hongrie (Francia-Magyar T\u00e1rsas\u00e1g) helyi szervezet\u00e9nek szervez\u00e9s\u00e9ben lebonyol\u00edtott kultur\u00e1lis \u00e9s gasztron\u00f3miai esem\u00e9nyek osztatlan sikert arattak a francia k\u00f6z\u00f6ns\u00e9g k\u00f6r\u00e9ben. Az esem\u00e9nyek k\u00f6z\u00e9ppontj\u00e1ban a Hajd\u00fa-Bihar Megyei Vend\u00e9gl\u00e1t\u00f3 V\u00e1llalat hortob\u00e1gyi alkot\u00f3t\u00e1bor\u00e1nak ki\u00e1ll\u00edt\u00e1sa \u00e1llt, amelyet a v\u00e1rosi kaszin\u00f3ban rendeztek. Az alkot\u00f3t\u00e1borban a k\u00fclf\u00f6ldi m\u0171v\u00e9szek k\u00f6z\u00f6tt \u00e9vek \u00f3ta dolgoznak a franci\u00e1k is. Egyik\u00fck, Pierre Marcel Siest fotogr\u00e1fus az elm\u00falt \u00e9v m\u00e1rcius\u00e1ban \u2013 l\u00e1tv\u00e1nyos, m\u0171soros francia vacsoraesttel egybek\u00f6t\u00f6tt \u2013 ki\u00e1ll\u00edt\u00e1son mutatkozott be a debrecenieknek a Hung\u00e1ria \u00e9tteremben. Ez a j\u00f3l siker\u00fclt rendezv\u00e9ny adta az \u00f6tletet, hogy a magyarok is bemutatkozzanak frankhonban. A hortob\u00e1gyi alkot\u00f3t\u00e1bor magyar tagjai a k\u00fclf\u00f6ldiekkel k\u00f6z\u00f6sen t\u00f6bb mint hatvan alkot\u00e1ssal szerepeltek a ki\u00e1ll\u00edt\u00e1son, amelynek el\u0151k\u00e9sz\u00edt\u00e9s\u00e9ben a M\u0171v\u00e9szeti Alap \u00e9s az Artex ny\u00fajtott seg\u00edts\u00e9get.<\/p>\n<p>A ki\u00e1ll\u00edtott festm\u00e9nyek \u00e9s f\u00e9nyk\u00e9pek nagy tetsz\u00e9st keltettek, amit az is bizony\u00edt, hogy a rendez\u0151k k\u00e9r\u00e9s\u00e9re az alkot\u00e1sokat m\u00e9g tov\u00e1bbi v\u00e1rosokban is megtekinthetik majd az \u00e9v folyam\u00e1n, s\u0151t az \u00fcnnep\u00e9lyes megnyit\u00f3t k\u00f6vet\u0151en 1988 m\u00e1jus\u00e1ra egy hollandiai t\u00e1rlatra sz\u00f3l\u00f3 megh\u00edv\u00e1st is \u00e1tadtak \u00c9gerh\u00e1zi Imre fest\u0151m\u0171v\u00e9sznek, az alkot\u00f3t\u00e1bor vezet\u0151j\u00e9nek.[\/vc_column_text][\/vc_column_inner][vc_column_inner width=&#8221;1\/4&#8243;][vc_single_image image=&#8221;11191&#8243; img_size=&#8221;large&#8221; alignment=&#8221;center&#8221; style=&#8221;xtd-shadow&#8211;normal-light&#8221; onclick=&#8221;link_image&#8221;][\/vc_column_inner][\/vc_row_inner][vc_column_text]A gasztron\u00f3miai \u00e9lm\u00e9ny Thionville-ben sem maradt el. Err\u0151l Boros L\u00e1szl\u00f3, a Hung\u00e1ria \u00e9tterem mesterszak\u00e1csa gondoskodott. A v\u00e1rosi kaszin\u00f3 gy\u00f6ny\u00f6r\u0171en feld\u00edsz\u00edtett b\u00e1lterm\u00e9ben rendezett t\u00f6bb mint k\u00e9tsz\u00e1z szem\u00e9lyes vacsor\u00e1n, hortob\u00e1gyi h\u00fasos palacsinta, nemzeti pulykatekercs \u00e9s di\u00f3s-m\u00e1kos bejgli ker\u00fclt a piros-feh\u00e9r-z\u00f6ld sz\u00ednekben pomp\u00e1z\u00f3 asztalokra. Meghat\u00f3 kedvess\u00e9g volt a helyi szervez\u0151k r\u00e9sz\u00e9r\u0151l, hogy a vend\u00e9gek fogad\u00e1sa alatt Erkel Ferenc B\u00e1nk b\u00e1nj\u00e1nak dallamait j\u00e1tszott\u00e1k be hangsz\u00f3r\u00f3kon kereszt\u00fcl a terembe.<\/p>\n<p>Az est siker\u00e9hez, a j\u00f3 hangulathoz nagyban hozz\u00e1j\u00e1rult a salg\u00f3tarj\u00e1ni D\u00fcv\u0151 n\u00e9pzenei egy\u00fcttes \u00e9s k\u00e9t magyar t\u00e1ncos \u2013 a tv Ki mit tud? j\u00e1t\u00e9k\u00e1b\u00f3l is ismert \u2013 Kol\u00e1rovszky M\u00e1ria \u00e9s Mlin\u00e1r P\u00e1l sz\u00ednesen \u00f6sszev\u00e1logatott, par\u00e1d\u00e9s t\u00e1ncm\u0171sora.<\/p>\n<p>Bod L\u00e1szl\u00f3 fest\u0151m\u0171v\u00e9sz a kaszin\u00f3 vend\u00e9geinek egy meglepet\u00e9ssel is szolg\u00e1lt. A r\u00e9sztvev\u0151k k\u00f6z\u00fcl sorsol\u00e1ssal kiv\u00e1lasztott egy szem\u00e9lyr\u0151l a helysz\u00ednen pasztellrajzot k\u00e9sz\u00edtett, amit bekeretezve \u00e1t is adott a boldog nyertesnek.<\/p>\n<p>Ott-tart\u00f3zkod\u00e1sunk alatt term\u00e9szetesen bepillanthattunk a francia h\u00e9tk\u00f6znapokba is. Sok-sok \u00e9lm\u00e9nyben volt r\u00e9sz\u00fcnk s ez\u00e9rt k\u00f6sz\u00f6nettel tartozunk vend\u00e9gl\u00e1t\u00f3inknak, els\u0151sorban is Jean-Paul Merliernek, az Association France-Hongrie helyi szervezete eln\u00f6k\u00e9nek \u00e9s feles\u00e9g\u00e9nek, a ki\u00e1ll\u00edt\u00e1s gyakorlati kivitelez\u00e9s\u00e9ben nagy seg\u00edts\u00e9get ny\u00fajt\u00f3 Gilbert Lupfer fest\u0151m\u0171v\u00e9sznek.<\/p>\n<p>Kiripolszky K\u00e1roly[\/vc_column_text][vc_empty_space][vc_separator][\/vc_column][\/vc_row][vc_row el_class=&#8221;margin_top_0 padding_top_0&#8243;][vc_column][vc_empty_space][vc_column_text]\n<h6>Kapcsol\u00f3d\u00f3 vide\u00f3k<\/h6>\n[\/vc_column_text][vc_basic_grid post_type=&#8221;page&#8221; max_items=&#8221;-1&#8243; element_width=&#8221;3&#8243; item=&#8221;491&#8243; grid_id=&#8221;vc_gid:1606041136988-285a5b32-f492-7&#8243; taxonomies=&#8221;224&#8243;][\/vc_column][\/vc_row]\n<\/div>","protected":false},"excerpt":{"rendered":"<p>[vc_row el_class=&#8221;margin_bottom_0 padding_bottom_0&#8243;][vc_column][vc_row_inner][vc_column_inner width=&#8221;3\/4&#8243;][vc_column_text] Magyar napok Thionville-ben A kelet-franciaorsz\u00e1gi Thionville v\u00e1ros\u00e1ban ker\u00fclt sor a tavaszi magyar napok rendezv\u00e9nysorozatra. Az Association France-Hongrie (Francia-Magyar T\u00e1rsas\u00e1g) helyi szervezet\u00e9nek szervez\u00e9s\u00e9ben lebonyol\u00edtott kultur\u00e1lis \u00e9s gasztron\u00f3miai esem\u00e9nyek osztatlan sikert arattak a francia k\u00f6z\u00f6ns\u00e9g k\u00f6r\u00e9ben. Az esem\u00e9nyek k\u00f6z\u00e9ppontj\u00e1ban a Hajd\u00fa-Bihar Megyei Vend\u00e9gl\u00e1t\u00f3 V\u00e1llalat hortob\u00e1gyi alkot\u00f3t\u00e1bor\u00e1nak ki\u00e1ll\u00edt\u00e1sa \u00e1llt, amelyet a v\u00e1rosi kaszin\u00f3ban rendeztek. Az alkot\u00f3t\u00e1borban a k\u00fclf\u00f6ldi m\u0171v\u00e9szek [&hellip;]<\/p>\n","protected":false},"author":4,"featured_media":0,"parent":10535,"menu_order":0,"comment_status":"closed","ping_status":"closed","template":"","meta":{"footnotes":""},"categories":[219],"tags":[96,230,229],"class_list":["post-11189","page","type-page","status-publish","hentry","category-irasok_egerhazi_imrerol","tag-96","tag-1987_hortobagyi_alkototabor_kiallitas_thionville_cikk","tag-hortobagyi_alkototabor_cikk"],"yoast_head":"<!-- This site is optimized with the Yoast SEO plugin v27.4 - https:\/\/yoast.com\/product\/yoast-seo-wordpress\/ -->\n<title>Magyar napok Thionville-ben, 1987 - \u00c9gerh\u00e1zi Imre<\/title>\n<meta name=\"robots\" content=\"index, follow, max-snippet:-1, max-image-preview:large, max-video-preview:-1\" \/>\n<link rel=\"canonical\" href=\"https:\/\/egerhaziimre.hu\/index.php\/eletrajz\/irasok-egerhazi-imrerol\/magyar-napok-thionvilleben-1987\/\" \/>\n<meta property=\"og:locale\" content=\"hu_HU\" \/>\n<meta property=\"og:type\" content=\"article\" \/>\n<meta property=\"og:title\" content=\"Magyar napok Thionville-ben, 1987 - \u00c9gerh\u00e1zi Imre\" \/>\n<meta property=\"og:description\" content=\"[vc_row el_class=&#8221;margin_bottom_0 padding_bottom_0&#8243;][vc_column][vc_row_inner][vc_column_inner width=&#8221;3\/4&#8243;][vc_column_text] Magyar napok Thionville-ben A kelet-franciaorsz\u00e1gi Thionville v\u00e1ros\u00e1ban ker\u00fclt sor a tavaszi magyar napok rendezv\u00e9nysorozatra. Az Association France-Hongrie (Francia-Magyar T\u00e1rsas\u00e1g) helyi szervezet\u00e9nek szervez\u00e9s\u00e9ben lebonyol\u00edtott kultur\u00e1lis \u00e9s gasztron\u00f3miai esem\u00e9nyek osztatlan sikert arattak a francia k\u00f6z\u00f6ns\u00e9g k\u00f6r\u00e9ben. Az esem\u00e9nyek k\u00f6z\u00e9ppontj\u00e1ban a Hajd\u00fa-Bihar Megyei Vend\u00e9gl\u00e1t\u00f3 V\u00e1llalat hortob\u00e1gyi alkot\u00f3t\u00e1bor\u00e1nak ki\u00e1ll\u00edt\u00e1sa \u00e1llt, amelyet a v\u00e1rosi kaszin\u00f3ban rendeztek. Az alkot\u00f3t\u00e1borban a k\u00fclf\u00f6ldi m\u0171v\u00e9szek [&hellip;]\" \/>\n<meta property=\"og:url\" content=\"https:\/\/egerhaziimre.hu\/index.php\/eletrajz\/irasok-egerhazi-imrerol\/magyar-napok-thionvilleben-1987\/\" \/>\n<meta property=\"og:site_name\" content=\"\u00c9gerh\u00e1zi Imre\" \/>\n<meta property=\"article:modified_time\" content=\"2023-06-09T13:21:33+00:00\" \/>\n<meta name=\"twitter:card\" content=\"summary_large_image\" \/>\n<meta name=\"twitter:label1\" content=\"Becs\u00fclt olvas\u00e1si id\u0151\" \/>\n\t<meta name=\"twitter:data1\" content=\"3 perc\" \/>\n<script type=\"application\/ld+json\" class=\"yoast-schema-graph\">{\"@context\":\"https:\\\/\\\/schema.org\",\"@graph\":[{\"@type\":\"WebPage\",\"@id\":\"https:\\\/\\\/egerhaziimre.hu\\\/index.php\\\/eletrajz\\\/irasok-egerhazi-imrerol\\\/magyar-napok-thionvilleben-1987\\\/\",\"url\":\"https:\\\/\\\/egerhaziimre.hu\\\/index.php\\\/eletrajz\\\/irasok-egerhazi-imrerol\\\/magyar-napok-thionvilleben-1987\\\/\",\"name\":\"Magyar napok Thionville-ben, 1987 - \u00c9gerh\u00e1zi Imre\",\"isPartOf\":{\"@id\":\"https:\\\/\\\/egerhaziimre.hu\\\/#website\"},\"datePublished\":\"1987-11-22T09:55:38+00:00\",\"dateModified\":\"2023-06-09T13:21:33+00:00\",\"breadcrumb\":{\"@id\":\"https:\\\/\\\/egerhaziimre.hu\\\/index.php\\\/eletrajz\\\/irasok-egerhazi-imrerol\\\/magyar-napok-thionvilleben-1987\\\/#breadcrumb\"},\"inLanguage\":\"hu\",\"potentialAction\":[{\"@type\":\"ReadAction\",\"target\":[\"https:\\\/\\\/egerhaziimre.hu\\\/index.php\\\/eletrajz\\\/irasok-egerhazi-imrerol\\\/magyar-napok-thionvilleben-1987\\\/\"]}]},{\"@type\":\"BreadcrumbList\",\"@id\":\"https:\\\/\\\/egerhaziimre.hu\\\/index.php\\\/eletrajz\\\/irasok-egerhazi-imrerol\\\/magyar-napok-thionvilleben-1987\\\/#breadcrumb\",\"itemListElement\":[{\"@type\":\"ListItem\",\"position\":1,\"name\":\"Home\",\"item\":\"https:\\\/\\\/egerhaziimre.hu\\\/\"},{\"@type\":\"ListItem\",\"position\":2,\"name\":\"\u00c9letrajz\",\"item\":\"https:\\\/\\\/egerhaziimre.hu\\\/index.php\\\/eletrajz\\\/\"},{\"@type\":\"ListItem\",\"position\":3,\"name\":\"Writings about Imre \u00c9gerh\u00e1zi\",\"item\":\"https:\\\/\\\/egerhaziimre.hu\\\/index.php\\\/eletrajz\\\/irasok-egerhazi-imrerol\\\/?lang=en\"},{\"@type\":\"ListItem\",\"position\":4,\"name\":\"Magyar napok Thionville-ben, 1987\"}]},{\"@type\":\"WebSite\",\"@id\":\"https:\\\/\\\/egerhaziimre.hu\\\/#website\",\"url\":\"https:\\\/\\\/egerhaziimre.hu\\\/\",\"name\":\"\u00c9gerh\u00e1zi Imre\",\"description\":\"\",\"potentialAction\":[{\"@type\":\"SearchAction\",\"target\":{\"@type\":\"EntryPoint\",\"urlTemplate\":\"https:\\\/\\\/egerhaziimre.hu\\\/?s={search_term_string}\"},\"query-input\":{\"@type\":\"PropertyValueSpecification\",\"valueRequired\":true,\"valueName\":\"search_term_string\"}}],\"inLanguage\":\"hu\"}]}<\/script>\n<!-- \/ Yoast SEO plugin. -->","yoast_head_json":{"title":"Magyar napok Thionville-ben, 1987 - \u00c9gerh\u00e1zi Imre","robots":{"index":"index","follow":"follow","max-snippet":"max-snippet:-1","max-image-preview":"max-image-preview:large","max-video-preview":"max-video-preview:-1"},"canonical":"https:\/\/egerhaziimre.hu\/index.php\/eletrajz\/irasok-egerhazi-imrerol\/magyar-napok-thionvilleben-1987\/","og_locale":"hu_HU","og_type":"article","og_title":"Magyar napok Thionville-ben, 1987 - \u00c9gerh\u00e1zi Imre","og_description":"[vc_row el_class=&#8221;margin_bottom_0 padding_bottom_0&#8243;][vc_column][vc_row_inner][vc_column_inner width=&#8221;3\/4&#8243;][vc_column_text] Magyar napok Thionville-ben A kelet-franciaorsz\u00e1gi Thionville v\u00e1ros\u00e1ban ker\u00fclt sor a tavaszi magyar napok rendezv\u00e9nysorozatra. Az Association France-Hongrie (Francia-Magyar T\u00e1rsas\u00e1g) helyi szervezet\u00e9nek szervez\u00e9s\u00e9ben lebonyol\u00edtott kultur\u00e1lis \u00e9s gasztron\u00f3miai esem\u00e9nyek osztatlan sikert arattak a francia k\u00f6z\u00f6ns\u00e9g k\u00f6r\u00e9ben. Az esem\u00e9nyek k\u00f6z\u00e9ppontj\u00e1ban a Hajd\u00fa-Bihar Megyei Vend\u00e9gl\u00e1t\u00f3 V\u00e1llalat hortob\u00e1gyi alkot\u00f3t\u00e1bor\u00e1nak ki\u00e1ll\u00edt\u00e1sa \u00e1llt, amelyet a v\u00e1rosi kaszin\u00f3ban rendeztek. Az alkot\u00f3t\u00e1borban a k\u00fclf\u00f6ldi m\u0171v\u00e9szek [&hellip;]","og_url":"https:\/\/egerhaziimre.hu\/index.php\/eletrajz\/irasok-egerhazi-imrerol\/magyar-napok-thionvilleben-1987\/","og_site_name":"\u00c9gerh\u00e1zi Imre","article_modified_time":"2023-06-09T13:21:33+00:00","twitter_card":"summary_large_image","twitter_misc":{"Becs\u00fclt olvas\u00e1si id\u0151":"3 perc"},"schema":{"@context":"https:\/\/schema.org","@graph":[{"@type":"WebPage","@id":"https:\/\/egerhaziimre.hu\/index.php\/eletrajz\/irasok-egerhazi-imrerol\/magyar-napok-thionvilleben-1987\/","url":"https:\/\/egerhaziimre.hu\/index.php\/eletrajz\/irasok-egerhazi-imrerol\/magyar-napok-thionvilleben-1987\/","name":"Magyar napok Thionville-ben, 1987 - \u00c9gerh\u00e1zi Imre","isPartOf":{"@id":"https:\/\/egerhaziimre.hu\/#website"},"datePublished":"1987-11-22T09:55:38+00:00","dateModified":"2023-06-09T13:21:33+00:00","breadcrumb":{"@id":"https:\/\/egerhaziimre.hu\/index.php\/eletrajz\/irasok-egerhazi-imrerol\/magyar-napok-thionvilleben-1987\/#breadcrumb"},"inLanguage":"hu","potentialAction":[{"@type":"ReadAction","target":["https:\/\/egerhaziimre.hu\/index.php\/eletrajz\/irasok-egerhazi-imrerol\/magyar-napok-thionvilleben-1987\/"]}]},{"@type":"BreadcrumbList","@id":"https:\/\/egerhaziimre.hu\/index.php\/eletrajz\/irasok-egerhazi-imrerol\/magyar-napok-thionvilleben-1987\/#breadcrumb","itemListElement":[{"@type":"ListItem","position":1,"name":"Home","item":"https:\/\/egerhaziimre.hu\/"},{"@type":"ListItem","position":2,"name":"\u00c9letrajz","item":"https:\/\/egerhaziimre.hu\/index.php\/eletrajz\/"},{"@type":"ListItem","position":3,"name":"Writings about Imre \u00c9gerh\u00e1zi","item":"https:\/\/egerhaziimre.hu\/index.php\/eletrajz\/irasok-egerhazi-imrerol\/?lang=en"},{"@type":"ListItem","position":4,"name":"Magyar napok Thionville-ben, 1987"}]},{"@type":"WebSite","@id":"https:\/\/egerhaziimre.hu\/#website","url":"https:\/\/egerhaziimre.hu\/","name":"\u00c9gerh\u00e1zi Imre","description":"","potentialAction":[{"@type":"SearchAction","target":{"@type":"EntryPoint","urlTemplate":"https:\/\/egerhaziimre.hu\/?s={search_term_string}"},"query-input":{"@type":"PropertyValueSpecification","valueRequired":true,"valueName":"search_term_string"}}],"inLanguage":"hu"}]}},"jetpack_sharing_enabled":true,"_links":{"self":[{"href":"https:\/\/egerhaziimre.hu\/index.php\/wp-json\/wp\/v2\/pages\/11189","targetHints":{"allow":["GET"]}}],"collection":[{"href":"https:\/\/egerhaziimre.hu\/index.php\/wp-json\/wp\/v2\/pages"}],"about":[{"href":"https:\/\/egerhaziimre.hu\/index.php\/wp-json\/wp\/v2\/types\/page"}],"author":[{"embeddable":true,"href":"https:\/\/egerhaziimre.hu\/index.php\/wp-json\/wp\/v2\/users\/4"}],"replies":[{"embeddable":true,"href":"https:\/\/egerhaziimre.hu\/index.php\/wp-json\/wp\/v2\/comments?post=11189"}],"version-history":[{"count":13,"href":"https:\/\/egerhaziimre.hu\/index.php\/wp-json\/wp\/v2\/pages\/11189\/revisions"}],"predecessor-version":[{"id":13112,"href":"https:\/\/egerhaziimre.hu\/index.php\/wp-json\/wp\/v2\/pages\/11189\/revisions\/13112"}],"up":[{"embeddable":true,"href":"https:\/\/egerhaziimre.hu\/index.php\/wp-json\/wp\/v2\/pages\/10535"}],"wp:attachment":[{"href":"https:\/\/egerhaziimre.hu\/index.php\/wp-json\/wp\/v2\/media?parent=11189"}],"wp:term":[{"taxonomy":"category","embeddable":true,"href":"https:\/\/egerhaziimre.hu\/index.php\/wp-json\/wp\/v2\/categories?post=11189"},{"taxonomy":"post_tag","embeddable":true,"href":"https:\/\/egerhaziimre.hu\/index.php\/wp-json\/wp\/v2\/tags?post=11189"}],"curies":[{"name":"wp","href":"https:\/\/api.w.org\/{rel}","templated":true}]}}