{"id":1228,"date":"2019-08-07T14:31:09","date_gmt":"2019-08-07T12:31:09","guid":{"rendered":"http:\/\/egerhaziimre.magex.hu\/?page_id=1228"},"modified":"2020-09-22T15:21:58","modified_gmt":"2020-09-22T13:21:58","slug":"groznjan-horvatorszag","status":"publish","type":"page","link":"https:\/\/egerhaziimre.hu\/index.php\/eletrajz\/muveszeti-szervezo-tevekenyseg\/groznjan-horvatorszag\/","title":{"rendered":"Groznjan, Horv\u00e1torsz\u00e1g"},"content":{"rendered":"<div class=\"wpb-content-wrapper\">[vc_row][vc_column][vc_column_text]\n<p style=\"text-align: center;\"><strong>\u00c9gerh\u00e1zi Imre S8-as filmje a groznjani m\u0171v\u00e9sztelepr\u0151l, 1985<\/strong><\/p>\n[\/vc_column_text][vc_video link=&#8221;https:\/\/youtu.be\/I4GqSvslkls&#8221; el_width=&#8221;80&#8243; align=&#8221;center&#8221;][vc_separator][vc_column_text]\n<figure id=\"attachment_6842\" aria-describedby=\"caption-attachment-6842\" style=\"width: 2000px\" class=\"wp-caption alignnone\"><img loading=\"lazy\" decoding=\"async\" class=\"size-full wp-image-6842\" src=\"http:\/\/egerhaziimre.magex.hu\/wp-content\/uploads\/kepek\/1908.jpg\" alt=\"Groznjan II. (Istria)\" width=\"2000\" height=\"1484\" srcset=\"https:\/\/egerhaziimre.hu\/wp-content\/uploads\/kepek\/1908.jpg 2000w, https:\/\/egerhaziimre.hu\/wp-content\/uploads\/kepek\/1908-300x223.jpg 300w, https:\/\/egerhaziimre.hu\/wp-content\/uploads\/kepek\/1908-1024x760.jpg 1024w, https:\/\/egerhaziimre.hu\/wp-content\/uploads\/kepek\/1908-768x570.jpg 768w, https:\/\/egerhaziimre.hu\/wp-content\/uploads\/kepek\/1908-1536x1140.jpg 1536w\" sizes=\"auto, (max-width: 2000px) 100vw, 2000px\" \/><figcaption id=\"caption-attachment-6842\" class=\"wp-caption-text\">Groznjan II. (Istria)<br \/>lin\u00f3metszet, pap\u00edr, 26&#215;35,5<br \/>1986<\/figcaption><\/figure>\n<figure id=\"attachment_6793\" aria-describedby=\"caption-attachment-6793\" style=\"width: 1471px\" class=\"wp-caption alignnone\"><img loading=\"lazy\" decoding=\"async\" class=\"size-full wp-image-6793\" src=\"http:\/\/egerhaziimre.magex.hu\/wp-content\/uploads\/kepek\/1891.jpg\" alt=\"Groznjan (Istria)\" width=\"1471\" height=\"2000\" srcset=\"https:\/\/egerhaziimre.hu\/wp-content\/uploads\/kepek\/1891.jpg 1471w, https:\/\/egerhaziimre.hu\/wp-content\/uploads\/kepek\/1891-221x300.jpg 221w, https:\/\/egerhaziimre.hu\/wp-content\/uploads\/kepek\/1891-753x1024.jpg 753w, https:\/\/egerhaziimre.hu\/wp-content\/uploads\/kepek\/1891-768x1044.jpg 768w, https:\/\/egerhaziimre.hu\/wp-content\/uploads\/kepek\/1891-1130x1536.jpg 1130w\" sizes=\"auto, (max-width: 1471px) 100vw, 1471px\" \/><figcaption id=\"caption-attachment-6793\" class=\"wp-caption-text\">Groznjan (Istria)<br \/>lin\u00f3metszet, pap\u00edr, 35,5&#215;26<br \/>1986<\/figcaption><\/figure>\n[\/vc_column_text][\/vc_column][\/vc_row][vc_row][vc_column][vc_separator][vc_btn title=&#8221;Vissza a list\u00e1ra&#8221; shape=&#8221;square&#8221; color=&#8221;orange&#8221; link=&#8221;url:http%3A%2F%2Fegerhaziimre.hu%2Findex.php%2Feletrajz%2Fmuveszeti-szervezo-tevekenyseg%2F|title:%5B%3Ahu%5DM%C5%B1v%C3%A9szeti%20szervez%C5%91%20tev%C3%A9kenys%C3%A9g%5B%3Aen%5DOrganizing%20in%20art%5B%3A%5D&#8221;][\/vc_column][\/vc_row]\n<\/div>","protected":false},"excerpt":{"rendered":"<p>[vc_row][vc_column][vc_column_text] \u00c9gerh\u00e1zi Imre S8-as filmje a groznjani m\u0171v\u00e9sztelepr\u0151l, 1985 [\/vc_column_text][vc_video link=&#8221;https:\/\/youtu.be\/I4GqSvslkls&#8221; el_width=&#8221;80&#8243; align=&#8221;center&#8221;][vc_separator][vc_column_text] [\/vc_column_text][\/vc_column][\/vc_row][vc_row][vc_column][vc_separator][vc_btn title=&#8221;Vissza a list\u00e1ra&#8221; shape=&#8221;square&#8221; color=&#8221;orange&#8221; link=&#8221;url:http%3A%2F%2Fegerhaziimre.hu%2Findex.php%2Feletrajz%2Fmuveszeti-szervezo-tevekenyseg%2F|title:%5B%3Ahu%5DM%C5%B1v%C3%A9szeti%20szervez%C5%91%20tev%C3%A9kenys%C3%A9g%5B%3Aen%5DOrganizing%20in%20art%5B%3A%5D&#8221;][\/vc_column][\/vc_row]<\/p>\n","protected":false},"author":4,"featured_media":6842,"parent":24,"menu_order":0,"comment_status":"closed","ping_status":"closed","template":"","meta":{"footnotes":""},"categories":[11,102],"tags":[112,113],"class_list":["post-1228","page","type-page","status-publish","has-post-thumbnail","hentry","category-eletrajz","category-muvesztelep","tag-groznjan","tag-horvatorszag"],"yoast_head":"<!-- This site is optimized with the Yoast SEO plugin v27.4 - https:\/\/yoast.com\/product\/yoast-seo-wordpress\/ -->\n<title>Groznjan, Horv\u00e1torsz\u00e1g - \u00c9gerh\u00e1zi Imre<\/title>\n<meta name=\"robots\" content=\"index, follow, max-snippet:-1, max-image-preview:large, max-video-preview:-1\" \/>\n<link rel=\"canonical\" href=\"https:\/\/egerhaziimre.hu\/index.php\/eletrajz\/muveszeti-szervezo-tevekenyseg\/groznjan-horvatorszag\/?lang=en\" \/>\n<meta property=\"og:locale\" content=\"hu_HU\" \/>\n<meta property=\"og:type\" content=\"article\" \/>\n<meta property=\"og:title\" content=\"Groznjan, Horv\u00e1torsz\u00e1g - \u00c9gerh\u00e1zi Imre\" \/>\n<meta property=\"og:description\" content=\"[vc_row][vc_column][vc_column_text] \u00c9gerh\u00e1zi Imre S8-as filmje a groznjani m\u0171v\u00e9sztelepr\u0151l, 1985 [\/vc_column_text][vc_video link=&#8221;https:\/\/youtu.be\/I4GqSvslkls&#8221; el_width=&#8221;80&#8243; align=&#8221;center&#8221;][vc_separator][vc_column_text] [\/vc_column_text][\/vc_column][\/vc_row][vc_row][vc_column][vc_separator][vc_btn title=&#8221;Vissza a list\u00e1ra&#8221; shape=&#8221;square&#8221; color=&#8221;orange&#8221; link=&#8221;url:http%3A%2F%2Fegerhaziimre.hu%2Findex.php%2Feletrajz%2Fmuveszeti-szervezo-tevekenyseg%2F|title:%5B%3Ahu%5DM%C5%B1v%C3%A9szeti%20szervez%C5%91%20tev%C3%A9kenys%C3%A9g%5B%3Aen%5DOrganizing%20in%20art%5B%3A%5D&#8221;][\/vc_column][\/vc_row]\" \/>\n<meta property=\"og:url\" content=\"https:\/\/egerhaziimre.hu\/index.php\/eletrajz\/muveszeti-szervezo-tevekenyseg\/groznjan-horvatorszag\/?lang=en\" \/>\n<meta property=\"og:site_name\" content=\"\u00c9gerh\u00e1zi Imre\" \/>\n<meta property=\"article:modified_time\" content=\"2020-09-22T13:21:58+00:00\" \/>\n<meta property=\"og:image\" content=\"https:\/\/egerhaziimre.hu\/wp-content\/uploads\/kepek\/1908.jpg\" \/>\n\t<meta property=\"og:image:width\" content=\"2000\" \/>\n\t<meta property=\"og:image:height\" content=\"1484\" \/>\n\t<meta property=\"og:image:type\" content=\"image\/jpeg\" \/>\n<meta name=\"twitter:card\" content=\"summary_large_image\" \/>\n<meta name=\"twitter:label1\" content=\"Becs\u00fclt olvas\u00e1si id\u0151\" \/>\n\t<meta name=\"twitter:data1\" content=\"1 perc\" \/>\n<script type=\"application\/ld+json\" class=\"yoast-schema-graph\">{\"@context\":\"https:\\\/\\\/schema.org\",\"@graph\":[{\"@type\":\"WebPage\",\"@id\":\"https:\\\/\\\/egerhaziimre.hu\\\/index.php\\\/eletrajz\\\/muveszeti-szervezo-tevekenyseg\\\/groznjan-horvatorszag\\\/?lang=en\",\"url\":\"https:\\\/\\\/egerhaziimre.hu\\\/index.php\\\/eletrajz\\\/muveszeti-szervezo-tevekenyseg\\\/groznjan-horvatorszag\\\/?lang=en\",\"name\":\"Groznjan, Horv\u00e1torsz\u00e1g - \u00c9gerh\u00e1zi Imre\",\"isPartOf\":{\"@id\":\"https:\\\/\\\/egerhaziimre.hu\\\/#website\"},\"primaryImageOfPage\":{\"@id\":\"https:\\\/\\\/egerhaziimre.hu\\\/index.php\\\/eletrajz\\\/muveszeti-szervezo-tevekenyseg\\\/groznjan-horvatorszag\\\/?lang=en#primaryimage\"},\"image\":{\"@id\":\"https:\\\/\\\/egerhaziimre.hu\\\/index.php\\\/eletrajz\\\/muveszeti-szervezo-tevekenyseg\\\/groznjan-horvatorszag\\\/?lang=en#primaryimage\"},\"thumbnailUrl\":\"https:\\\/\\\/egerhaziimre.hu\\\/wp-content\\\/uploads\\\/kepek\\\/1908.jpg\",\"datePublished\":\"2019-08-07T12:31:09+00:00\",\"dateModified\":\"2020-09-22T13:21:58+00:00\",\"breadcrumb\":{\"@id\":\"https:\\\/\\\/egerhaziimre.hu\\\/index.php\\\/eletrajz\\\/muveszeti-szervezo-tevekenyseg\\\/groznjan-horvatorszag\\\/?lang=en#breadcrumb\"},\"inLanguage\":\"hu\",\"potentialAction\":[{\"@type\":\"ReadAction\",\"target\":[\"https:\\\/\\\/egerhaziimre.hu\\\/index.php\\\/eletrajz\\\/muveszeti-szervezo-tevekenyseg\\\/groznjan-horvatorszag\\\/?lang=en\"]}]},{\"@type\":\"ImageObject\",\"inLanguage\":\"hu\",\"@id\":\"https:\\\/\\\/egerhaziimre.hu\\\/index.php\\\/eletrajz\\\/muveszeti-szervezo-tevekenyseg\\\/groznjan-horvatorszag\\\/?lang=en#primaryimage\",\"url\":\"https:\\\/\\\/egerhaziimre.hu\\\/wp-content\\\/uploads\\\/kepek\\\/1908.jpg\",\"contentUrl\":\"https:\\\/\\\/egerhaziimre.hu\\\/wp-content\\\/uploads\\\/kepek\\\/1908.jpg\",\"width\":2000,\"height\":1484,\"caption\":\"lin\u00f3metszet, pap\u00edr, 26x35,5 1986\"},{\"@type\":\"BreadcrumbList\",\"@id\":\"https:\\\/\\\/egerhaziimre.hu\\\/index.php\\\/eletrajz\\\/muveszeti-szervezo-tevekenyseg\\\/groznjan-horvatorszag\\\/?lang=en#breadcrumb\",\"itemListElement\":[{\"@type\":\"ListItem\",\"position\":1,\"name\":\"Home\",\"item\":\"https:\\\/\\\/egerhaziimre.hu\\\/\"},{\"@type\":\"ListItem\",\"position\":2,\"name\":\"\u00c9letrajz\",\"item\":\"https:\\\/\\\/egerhaziimre.hu\\\/index.php\\\/eletrajz\\\/\"},{\"@type\":\"ListItem\",\"position\":3,\"name\":\"Organizing in art\",\"item\":\"https:\\\/\\\/egerhaziimre.hu\\\/index.php\\\/eletrajz\\\/muveszeti-szervezo-tevekenyseg\\\/?lang=en\"},{\"@type\":\"ListItem\",\"position\":4,\"name\":\"Groznjan, Croatia\"}]},{\"@type\":\"WebSite\",\"@id\":\"https:\\\/\\\/egerhaziimre.hu\\\/#website\",\"url\":\"https:\\\/\\\/egerhaziimre.hu\\\/\",\"name\":\"\u00c9gerh\u00e1zi Imre\",\"description\":\"\",\"potentialAction\":[{\"@type\":\"SearchAction\",\"target\":{\"@type\":\"EntryPoint\",\"urlTemplate\":\"https:\\\/\\\/egerhaziimre.hu\\\/?s={search_term_string}\"},\"query-input\":{\"@type\":\"PropertyValueSpecification\",\"valueRequired\":true,\"valueName\":\"search_term_string\"}}],\"inLanguage\":\"hu\"}]}<\/script>\n<!-- \/ Yoast SEO plugin. -->","yoast_head_json":{"title":"Groznjan, Horv\u00e1torsz\u00e1g - \u00c9gerh\u00e1zi Imre","robots":{"index":"index","follow":"follow","max-snippet":"max-snippet:-1","max-image-preview":"max-image-preview:large","max-video-preview":"max-video-preview:-1"},"canonical":"https:\/\/egerhaziimre.hu\/index.php\/eletrajz\/muveszeti-szervezo-tevekenyseg\/groznjan-horvatorszag\/?lang=en","og_locale":"hu_HU","og_type":"article","og_title":"Groznjan, Horv\u00e1torsz\u00e1g - \u00c9gerh\u00e1zi Imre","og_description":"[vc_row][vc_column][vc_column_text] \u00c9gerh\u00e1zi Imre S8-as filmje a groznjani m\u0171v\u00e9sztelepr\u0151l, 1985 [\/vc_column_text][vc_video link=&#8221;https:\/\/youtu.be\/I4GqSvslkls&#8221; el_width=&#8221;80&#8243; align=&#8221;center&#8221;][vc_separator][vc_column_text] [\/vc_column_text][\/vc_column][\/vc_row][vc_row][vc_column][vc_separator][vc_btn title=&#8221;Vissza a list\u00e1ra&#8221; shape=&#8221;square&#8221; color=&#8221;orange&#8221; link=&#8221;url:http%3A%2F%2Fegerhaziimre.hu%2Findex.php%2Feletrajz%2Fmuveszeti-szervezo-tevekenyseg%2F|title:%5B%3Ahu%5DM%C5%B1v%C3%A9szeti%20szervez%C5%91%20tev%C3%A9kenys%C3%A9g%5B%3Aen%5DOrganizing%20in%20art%5B%3A%5D&#8221;][\/vc_column][\/vc_row]","og_url":"https:\/\/egerhaziimre.hu\/index.php\/eletrajz\/muveszeti-szervezo-tevekenyseg\/groznjan-horvatorszag\/?lang=en","og_site_name":"\u00c9gerh\u00e1zi Imre","article_modified_time":"2020-09-22T13:21:58+00:00","og_image":[{"width":2000,"height":1484,"url":"https:\/\/egerhaziimre.hu\/wp-content\/uploads\/kepek\/1908.jpg","type":"image\/jpeg"}],"twitter_card":"summary_large_image","twitter_misc":{"Becs\u00fclt olvas\u00e1si id\u0151":"1 perc"},"schema":{"@context":"https:\/\/schema.org","@graph":[{"@type":"WebPage","@id":"https:\/\/egerhaziimre.hu\/index.php\/eletrajz\/muveszeti-szervezo-tevekenyseg\/groznjan-horvatorszag\/?lang=en","url":"https:\/\/egerhaziimre.hu\/index.php\/eletrajz\/muveszeti-szervezo-tevekenyseg\/groznjan-horvatorszag\/?lang=en","name":"Groznjan, Horv\u00e1torsz\u00e1g - \u00c9gerh\u00e1zi Imre","isPartOf":{"@id":"https:\/\/egerhaziimre.hu\/#website"},"primaryImageOfPage":{"@id":"https:\/\/egerhaziimre.hu\/index.php\/eletrajz\/muveszeti-szervezo-tevekenyseg\/groznjan-horvatorszag\/?lang=en#primaryimage"},"image":{"@id":"https:\/\/egerhaziimre.hu\/index.php\/eletrajz\/muveszeti-szervezo-tevekenyseg\/groznjan-horvatorszag\/?lang=en#primaryimage"},"thumbnailUrl":"https:\/\/egerhaziimre.hu\/wp-content\/uploads\/kepek\/1908.jpg","datePublished":"2019-08-07T12:31:09+00:00","dateModified":"2020-09-22T13:21:58+00:00","breadcrumb":{"@id":"https:\/\/egerhaziimre.hu\/index.php\/eletrajz\/muveszeti-szervezo-tevekenyseg\/groznjan-horvatorszag\/?lang=en#breadcrumb"},"inLanguage":"hu","potentialAction":[{"@type":"ReadAction","target":["https:\/\/egerhaziimre.hu\/index.php\/eletrajz\/muveszeti-szervezo-tevekenyseg\/groznjan-horvatorszag\/?lang=en"]}]},{"@type":"ImageObject","inLanguage":"hu","@id":"https:\/\/egerhaziimre.hu\/index.php\/eletrajz\/muveszeti-szervezo-tevekenyseg\/groznjan-horvatorszag\/?lang=en#primaryimage","url":"https:\/\/egerhaziimre.hu\/wp-content\/uploads\/kepek\/1908.jpg","contentUrl":"https:\/\/egerhaziimre.hu\/wp-content\/uploads\/kepek\/1908.jpg","width":2000,"height":1484,"caption":"lin\u00f3metszet, pap\u00edr, 26x35,5 1986"},{"@type":"BreadcrumbList","@id":"https:\/\/egerhaziimre.hu\/index.php\/eletrajz\/muveszeti-szervezo-tevekenyseg\/groznjan-horvatorszag\/?lang=en#breadcrumb","itemListElement":[{"@type":"ListItem","position":1,"name":"Home","item":"https:\/\/egerhaziimre.hu\/"},{"@type":"ListItem","position":2,"name":"\u00c9letrajz","item":"https:\/\/egerhaziimre.hu\/index.php\/eletrajz\/"},{"@type":"ListItem","position":3,"name":"Organizing in art","item":"https:\/\/egerhaziimre.hu\/index.php\/eletrajz\/muveszeti-szervezo-tevekenyseg\/?lang=en"},{"@type":"ListItem","position":4,"name":"Groznjan, Croatia"}]},{"@type":"WebSite","@id":"https:\/\/egerhaziimre.hu\/#website","url":"https:\/\/egerhaziimre.hu\/","name":"\u00c9gerh\u00e1zi Imre","description":"","potentialAction":[{"@type":"SearchAction","target":{"@type":"EntryPoint","urlTemplate":"https:\/\/egerhaziimre.hu\/?s={search_term_string}"},"query-input":{"@type":"PropertyValueSpecification","valueRequired":true,"valueName":"search_term_string"}}],"inLanguage":"hu"}]}},"jetpack_sharing_enabled":true,"_links":{"self":[{"href":"https:\/\/egerhaziimre.hu\/index.php\/wp-json\/wp\/v2\/pages\/1228","targetHints":{"allow":["GET"]}}],"collection":[{"href":"https:\/\/egerhaziimre.hu\/index.php\/wp-json\/wp\/v2\/pages"}],"about":[{"href":"https:\/\/egerhaziimre.hu\/index.php\/wp-json\/wp\/v2\/types\/page"}],"author":[{"embeddable":true,"href":"https:\/\/egerhaziimre.hu\/index.php\/wp-json\/wp\/v2\/users\/4"}],"replies":[{"embeddable":true,"href":"https:\/\/egerhaziimre.hu\/index.php\/wp-json\/wp\/v2\/comments?post=1228"}],"version-history":[{"count":12,"href":"https:\/\/egerhaziimre.hu\/index.php\/wp-json\/wp\/v2\/pages\/1228\/revisions"}],"predecessor-version":[{"id":9925,"href":"https:\/\/egerhaziimre.hu\/index.php\/wp-json\/wp\/v2\/pages\/1228\/revisions\/9925"}],"up":[{"embeddable":true,"href":"https:\/\/egerhaziimre.hu\/index.php\/wp-json\/wp\/v2\/pages\/24"}],"wp:featuredmedia":[{"embeddable":true,"href":"https:\/\/egerhaziimre.hu\/index.php\/wp-json\/wp\/v2\/media\/6842"}],"wp:attachment":[{"href":"https:\/\/egerhaziimre.hu\/index.php\/wp-json\/wp\/v2\/media?parent=1228"}],"wp:term":[{"taxonomy":"category","embeddable":true,"href":"https:\/\/egerhaziimre.hu\/index.php\/wp-json\/wp\/v2\/categories?post=1228"},{"taxonomy":"post_tag","embeddable":true,"href":"https:\/\/egerhaziimre.hu\/index.php\/wp-json\/wp\/v2\/tags?post=1228"}],"curies":[{"name":"wp","href":"https:\/\/api.w.org\/{rel}","templated":true}]}}